{"id":6039,"date":"2020-05-02T20:08:33","date_gmt":"2020-05-02T18:08:33","guid":{"rendered":"https:\/\/koszur.net\/?page_id=6039"},"modified":"2021-11-21T22:50:34","modified_gmt":"2021-11-21T21:50:34","slug":"swieto-morza","status":"publish","type":"page","link":"https:\/\/koszur.net\/index.php\/swieto-morza\/","title":{"rendered":"\u015awi\u0119to morza"},"content":{"rendered":"<p>[vc_row][vc_column]<div class=\"sc_section\"><div class=\"sc_section_inner\">[vc_column_text]Rok 1946. Pe\u0142en ledwie zabli\u017anionych ran po minionej wojnie.<\/p>\n<p>Matka: nie musia\u0142am schodzi\u0107 z drogi, spuszcza\u0107 g\u0142ow\u0119 i dyga\u0107 przed jad\u0105c\u0105 do dworu junkierk\u0105. Nigdy nie zawo\u0142a\u0142a mnie po imieniu. Zawsze: Du, polnisches M\u00e4dchen!<\/p>\n<p>Ojciec: nie mia\u0142em pewno\u015bci, \u017ce za chwil\u0119 nie zajedzie pod dom ci\u0119\u017car\u00f3wka i nie ka\u017c\u0105 nam si\u0119 natychmiast pakowa\u0107\u2026<\/p>\n<p>Rozumiem. Wyobra\u017cam sobie. Ale nigdy nie poznam smaku tego l\u0119ku. Nie przekazali mi go w genach? Pewnie przekazali, lecz dotarcie do tych pok\u0142ad\u00f3w jest \u2013 oby na zawsze \u2013 zamkni\u0119te. A mo\u017ce &#8211; jak zatopione beczki z trucizn\u0105, po latach zaczn\u0105 si\u0119 te odczucia ulatnia\u0107?<\/p>\n<p>&nbsp;<\/p>\n<p>Ale radio pami\u0119taj\u0105. By\u0142o r\u00f3wnie wa\u017cne w czasie jak i po wojnie. Podczas okupacji \u2013 zakazane, po wyzwoleniu \u2013 nieodzowne. <a href=\"https:\/\/plus.dziennikpolski24.pl\/kolchoznik-radio-na-drutach\/ar\/c15-14247577\">Radiofonizacja kraju<\/a>. Ko\u0142cho\u017aniki. Przewodowe proste odbiorniki radiowe, w\u0142a\u015bciwie g\u0142o\u015bniki tylko, odtwarzaj\u0105ce program pierwszy Polskiego Radia.<\/p>\n<p>\u0179r\u00f3d\u0142o informacji i rozrywki. Siada\u0142o si\u0119 przy g\u0142o\u015bniku i s\u0142ucha\u0142o\u2026<\/p>\n<p>To by\u0142o strasznie wa\u017cne.<\/p>\n<p>&#8211; Ale co mi pan tu b\u0119dzie gada\u0142! Wiem dobrze, bo w radiu m\u00f3wili\u2026 \u2013 to argument zamykaj\u0105cy dyskusje.<\/p>\n<p>&nbsp;<\/p>\n<p>Pierwsze po wojnie obchody \u015awi\u0119ta Morza. Radio by\u0142o jedynym sposobem na przekazanie namiastki emocji. Wielkie s\u0142owa, cho\u0107 w kiepski wiersz u\u0142o\u017cone, ale odczytane z wielkimi emocjami. Po s\u0142owach &#8211; pie\u015b\u0144. I transmisja nabo\u017ce\u0144stwa.<\/p>\n<p>Bo\u017ce, czy\u017c \u015bwiat nie jest pi\u0119kny?<\/p>\n<p>I my to wszystko mamy, tu, z g\u0142o\u015bnika. Prawie tak samo, jakby\u015bmy tam byli!<\/p>\n<p>Szukam tych emocji w tekstach, jakie cudem jakim\u015b ocala\u0142y. Komunikaty, pogadanki, felietony i komentarze.<\/p>\n<p>Uk\u0142adam je chronologicznie. Jak radiow\u0105 ram\u00f3wk\u0119.<\/p>\n<p>Dygresja: si\u0119gn\u0105\u0142em po archiwalne numery Kuriera Szczeci\u0144skiego z lipca 1946. Mo\u017ce co\u015b przegapi\u0142em, ale o \u015awi\u0119cie Morza praktycznie ani jednego s\u0142owa! Proces w Norymberdze, rodzi si\u0119 Jugos\u0142awia, nastroje antybrytyjskie w Niemczech, rewizja granic w Ameryce Po\u0142udniowej, prasa rosyjska o m\u0142odzie\u017cy polskiej. Tylko informacje agencyjne. Jednak jest. Strona si\u00f3dma. Atrakcyjny program obchodu \u201e\u015awi\u0119ta Morza\u201d. Ale na Wybrze\u017cu Wschodnim&#8230; W Szczecinie \u2013 jedynie szereg ciekawych imprez. Przy okazji \u2013 jak fatalna jest jako\u015b\u0107 skan\u00f3w numer\u00f3w archiwalnych gazety. Czy nikt w Ksi\u0105\u017cnicy Pomorskiej tego nie widzi? <a href=\"https:\/\/zbc.ksiaznica.szczecin.pl\/dlibra\/publication\/31675\/edition\/30077\/content?ref=desc\">\u017benuj\u0105ce<\/a>!<\/p>\n<p>Tak. Tylko radio by\u0142o zawsze tu i teraz. Nie potrzebowa\u0142o zecer\u00f3w, drukarzy, kolporter\u00f3w. Radio \u2013 jak tunel w czaso-przestrzeni \u2013 pozwala\u0142o uczestniczy\u0107 w wydarzeniach w czasie rzeczywistym. Tym cenniejsze wydaj\u0105 mi si\u0119 te maszynopisy.<\/p>\n<p>Pos\u0142uchajmy wi\u0119c\u2026<\/p>\n<p>Uwaga: w\u0142\u0105czam.<\/p>\n<p>Pstryk\u2026<\/p>\n<p>Narastaj\u0105cy szum wzmacniacza lampowego i\u2026<\/p>\n<p>Ciiiii&#8230;<\/p>\n<p>S\u0142uchamy.[\/vc_column_text]<\/div><\/div>[vc_empty_space][vc_gallery interval=&#8221;3&#8243; images=&#8221;6465,6466,6467&#8243; img_size=&#8221;large&#8221; onclick=&#8221;img_link_large&#8221; custom_links_target=&#8221;_blank&#8221; title=&#8221;Radio Succes, 1938&#8243;][vc_empty_space][vc_text_separator title=&#8221;Tradycje '\u015awi\u0119ta morza'&#8221; border_width=&#8221;3&#8243;][vc_empty_space]<div class=\"evc-image-with-text evc-shortcode  \">\n\t<div class=\"evc-iwt-image evc-ib-lightbox\">\n\t\t\t\t\n\t\t\t\t\t<a class=\"evc-iwt-lightbox\" href=\"https:\/\/koszur.net\/wp-content\/uploads\/2020\/07\/Swieto-Morza-1946-avatar.jpg\" data-lightbox=\"evc-iwt-lb-5496\" data-title=\"Swieto-Morza-1946-avatar\">\n\t\t\t\t\n\t\t<img decoding=\"async\" width=\"1348\" height=\"1178\" src=\"https:\/\/koszur.net\/wp-content\/uploads\/2020\/07\/Swieto-Morza-1946-avatar.jpg\" class=\"attachment-full size-full\" alt=\"\u015awi\u0119to Morza 1946\" srcset=\"https:\/\/koszur.net\/wp-content\/uploads\/2020\/07\/Swieto-Morza-1946-avatar.jpg 1348w, https:\/\/koszur.net\/wp-content\/uploads\/2020\/07\/Swieto-Morza-1946-avatar-650x568.jpg 650w, https:\/\/koszur.net\/wp-content\/uploads\/2020\/07\/Swieto-Morza-1946-avatar-300x262.jpg 300w, https:\/\/koszur.net\/wp-content\/uploads\/2020\/07\/Swieto-Morza-1946-avatar-1024x895.jpg 1024w, https:\/\/koszur.net\/wp-content\/uploads\/2020\/07\/Swieto-Morza-1946-avatar-768x671.jpg 768w\" sizes=\"(max-width: 1348px) 100vw, 1348px\" \/>\t\t\n\t\t\t\t\t<\/a>\n\t\t\t<\/div>\n\t<div class=\"evc-iwt-content\">\n\t\t\t\t\t<h4 class=\"evc-iwt-title\" >\n\t\t\t\tFragment PKF\t\t\t<\/h4>\n\t\t\t\t\t<\/div>\n<\/div>\n[vc_empty_space]<div class=\"evc-image-with-text evc-shortcode  \">\n\t<div class=\"evc-iwt-image evc-ib-lightbox\">\n\t\t\t\t\n\t\t\t\t\t<a class=\"evc-iwt-lightbox\" href=\"https:\/\/koszur.net\/wp-content\/uploads\/2020\/07\/Swieto-morza-kolobrzeg-1946.jpg\" data-lightbox=\"evc-iwt-lb-4008\" data-title=\"Swieto-morza-kolobrzeg-1946\">\n\t\t\t\t\n\t\t<img decoding=\"async\" width=\"1502\" height=\"982\" src=\"https:\/\/koszur.net\/wp-content\/uploads\/2020\/07\/Swieto-morza-kolobrzeg-1946.jpg\" class=\"attachment-full size-full\" alt=\"\u015awi\u0119to Morza Ko\u0142obrzeg 1946\" srcset=\"https:\/\/koszur.net\/wp-content\/uploads\/2020\/07\/Swieto-morza-kolobrzeg-1946.jpg 1502w, https:\/\/koszur.net\/wp-content\/uploads\/2020\/07\/Swieto-morza-kolobrzeg-1946-650x425.jpg 650w, https:\/\/koszur.net\/wp-content\/uploads\/2020\/07\/Swieto-morza-kolobrzeg-1946-300x196.jpg 300w, https:\/\/koszur.net\/wp-content\/uploads\/2020\/07\/Swieto-morza-kolobrzeg-1946-1024x669.jpg 1024w, https:\/\/koszur.net\/wp-content\/uploads\/2020\/07\/Swieto-morza-kolobrzeg-1946-768x502.jpg 768w\" sizes=\"(max-width: 1502px) 100vw, 1502px\" \/>\t\t\n\t\t\t\t\t<\/a>\n\t\t\t<\/div>\n\t<div class=\"evc-iwt-content\">\n\t\t\t\t\t<\/div>\n<\/div>\n[vc_empty_space][vc_video link=&#8221;https:\/\/youtu.be\/z8q0S2JyyQE&#8221; title=&#8221;PKF &#8211; \u015awi\u0119to Morza 1947&#8243;][vc_empty_space][vc_empty_space][vc_empty_space][vc_empty_space]<div class=\"evc-image-with-text evc-shortcode  \">\n\t<div class=\"evc-iwt-image evc-ib-lightbox\">\n\t\t\t\t\n\t\t\t\t\t<a class=\"evc-iwt-lightbox\" href=\"https:\/\/koszur.net\/wp-content\/uploads\/2020\/04\/swieto-motrza-morze-i-ziemia-1981-01.jpg\" data-lightbox=\"evc-iwt-lb-6494\" data-title=\"Marek Koszur: \u015awi\u0119to Morza, Morze i Ziemia, Kwartalnik Spo\u0142eczno-Kulturalny, Szczecin 2\/81\">\n\t\t\t\t\n\t\t<img decoding=\"async\" width=\"1240\" height=\"1738\" src=\"https:\/\/koszur.net\/wp-content\/uploads\/2020\/04\/swieto-motrza-morze-i-ziemia-1981-01.jpg\" class=\"attachment-full size-full\" alt=\"\" srcset=\"https:\/\/koszur.net\/wp-content\/uploads\/2020\/04\/swieto-motrza-morze-i-ziemia-1981-01.jpg 1240w, https:\/\/koszur.net\/wp-content\/uploads\/2020\/04\/swieto-motrza-morze-i-ziemia-1981-01-650x911.jpg 650w, https:\/\/koszur.net\/wp-content\/uploads\/2020\/04\/swieto-motrza-morze-i-ziemia-1981-01-214x300.jpg 214w, https:\/\/koszur.net\/wp-content\/uploads\/2020\/04\/swieto-motrza-morze-i-ziemia-1981-01-731x1024.jpg 731w, https:\/\/koszur.net\/wp-content\/uploads\/2020\/04\/swieto-motrza-morze-i-ziemia-1981-01-768x1076.jpg 768w, https:\/\/koszur.net\/wp-content\/uploads\/2020\/04\/swieto-motrza-morze-i-ziemia-1981-01-1096x1536.jpg 1096w\" sizes=\"(max-width: 1240px) 100vw, 1240px\" \/>\t\t\n\t\t\t\t\t<\/a>\n\t\t\t<\/div>\n\t<div class=\"evc-iwt-content\">\n\t\t\t\t\t<h4 class=\"evc-iwt-title\" >\n\t\t\t\t\u015awi\u0119to Morza\t\t\t<\/h4>\n\t\t\t\t\t\t\t<p class=\"evc-iwt-text\" >Marek Koszur: \u015awi\u0119to Morza, Morze i Ziemia, Kwartalnik Spo\u0142eczno-Kulturalny, Szczecin 2\/81 01<\/p>\n\t\t\t<\/div>\n<\/div>\n[vc_empty_space]<div class=\"evc-image-with-text evc-shortcode  \">\n\t<div class=\"evc-iwt-image evc-ib-lightbox\">\n\t\t\t\t\n\t\t\t\t\t<a class=\"evc-iwt-lightbox\" href=\"https:\/\/koszur.net\/wp-content\/uploads\/2020\/04\/swieto-motrza-morze-i-ziemia-1981-02.jpg\" data-lightbox=\"evc-iwt-lb-3050\" data-title=\"Marek Koszur: \u015awi\u0119to Morza, Morze i Ziemia, Kwartalnik Spo\u0142eczno-Kulturalny, Szczecin 2\/81 02\">\n\t\t\t\t\n\t\t<img decoding=\"async\" width=\"1240\" height=\"1738\" src=\"https:\/\/koszur.net\/wp-content\/uploads\/2020\/04\/swieto-motrza-morze-i-ziemia-1981-02.jpg\" class=\"attachment-full size-full\" alt=\"\" srcset=\"https:\/\/koszur.net\/wp-content\/uploads\/2020\/04\/swieto-motrza-morze-i-ziemia-1981-02.jpg 1240w, https:\/\/koszur.net\/wp-content\/uploads\/2020\/04\/swieto-motrza-morze-i-ziemia-1981-02-650x911.jpg 650w, https:\/\/koszur.net\/wp-content\/uploads\/2020\/04\/swieto-motrza-morze-i-ziemia-1981-02-214x300.jpg 214w, https:\/\/koszur.net\/wp-content\/uploads\/2020\/04\/swieto-motrza-morze-i-ziemia-1981-02-731x1024.jpg 731w, https:\/\/koszur.net\/wp-content\/uploads\/2020\/04\/swieto-motrza-morze-i-ziemia-1981-02-768x1076.jpg 768w, https:\/\/koszur.net\/wp-content\/uploads\/2020\/04\/swieto-motrza-morze-i-ziemia-1981-02-1096x1536.jpg 1096w\" sizes=\"(max-width: 1240px) 100vw, 1240px\" \/>\t\t\n\t\t\t\t\t<\/a>\n\t\t\t<\/div>\n\t<div class=\"evc-iwt-content\">\n\t\t\t\t\t<h4 class=\"evc-iwt-title\" >\n\t\t\t\t\u015awi\u0119to Morza\t\t\t<\/h4>\n\t\t\t\t\t\t\t<p class=\"evc-iwt-text\" >Marek Koszur: \u015awi\u0119to Morza, Morze i Ziemia, Kwartalnik Spo\u0142eczno-Kulturalny, Szczecin 2\/81 02<\/p>\n\t\t\t<\/div>\n<\/div>\n[vc_empty_space]<div class=\"evc-image-with-text evc-shortcode  \">\n\t<div class=\"evc-iwt-image evc-ib-lightbox\">\n\t\t\t\t\n\t\t\t\t\t<a class=\"evc-iwt-lightbox\" href=\"https:\/\/koszur.net\/wp-content\/uploads\/2020\/04\/pierwsze-polskie-swieto-morza-zycie-warszawy25-26-stycznia-1983.jpg\" data-lightbox=\"evc-iwt-lb-1013\" data-title=\"Marek Koszur: Pierwsze polskie \u015awi\u0119to Morza &#8211; \u017bycie Warszawy 25-26-stycznia-1983\">\n\t\t\t\t\n\t\t<img decoding=\"async\" width=\"1240\" height=\"731\" src=\"https:\/\/koszur.net\/wp-content\/uploads\/2020\/04\/pierwsze-polskie-swieto-morza-zycie-warszawy25-26-stycznia-1983.jpg\" class=\"attachment-full size-full\" alt=\"\" srcset=\"https:\/\/koszur.net\/wp-content\/uploads\/2020\/04\/pierwsze-polskie-swieto-morza-zycie-warszawy25-26-stycznia-1983.jpg 1240w, https:\/\/koszur.net\/wp-content\/uploads\/2020\/04\/pierwsze-polskie-swieto-morza-zycie-warszawy25-26-stycznia-1983-650x383.jpg 650w, https:\/\/koszur.net\/wp-content\/uploads\/2020\/04\/pierwsze-polskie-swieto-morza-zycie-warszawy25-26-stycznia-1983-300x177.jpg 300w, https:\/\/koszur.net\/wp-content\/uploads\/2020\/04\/pierwsze-polskie-swieto-morza-zycie-warszawy25-26-stycznia-1983-1024x604.jpg 1024w, https:\/\/koszur.net\/wp-content\/uploads\/2020\/04\/pierwsze-polskie-swieto-morza-zycie-warszawy25-26-stycznia-1983-768x453.jpg 768w\" sizes=\"(max-width: 1240px) 100vw, 1240px\" \/>\t\t\n\t\t\t\t\t<\/a>\n\t\t\t<\/div>\n\t<div class=\"evc-iwt-content\">\n\t\t\t\t\t<h4 class=\"evc-iwt-title\" >\n\t\t\t\tPierwsze polskie \u015awi\u0119to Morza\t\t\t<\/h4>\n\t\t\t\t\t\t\t<p class=\"evc-iwt-text\" >Autor: Marek Koszur, \u017bycie Warszawy, 25-25 czerwca 1983<\/p>\n\t\t\t<\/div>\n<\/div>\n[vc_empty_space]<div class=\"evc-image-with-text evc-shortcode  \">\n\t<div class=\"evc-iwt-image evc-ib-lightbox\">\n\t\t\t\t\n\t\t\t\t\t<a class=\"evc-iwt-lightbox\" href=\"https:\/\/koszur.net\/wp-content\/uploads\/2020\/04\/1931-siweto-morza-odezwa.jpg\" data-lightbox=\"evc-iwt-lb-3418\" data-title=\"1931 \u015awi\u0119to Morza w Gdyni &#8211; odezwa LM i K\">\n\t\t\t\t\n\t\t<img decoding=\"async\" width=\"873\" height=\"675\" src=\"https:\/\/koszur.net\/wp-content\/uploads\/2020\/04\/1931-siweto-morza-odezwa.jpg\" class=\"attachment-large size-large\" alt=\"\" srcset=\"https:\/\/koszur.net\/wp-content\/uploads\/2020\/04\/1931-siweto-morza-odezwa.jpg 873w, https:\/\/koszur.net\/wp-content\/uploads\/2020\/04\/1931-siweto-morza-odezwa-650x503.jpg 650w, https:\/\/koszur.net\/wp-content\/uploads\/2020\/04\/1931-siweto-morza-odezwa-300x232.jpg 300w, https:\/\/koszur.net\/wp-content\/uploads\/2020\/04\/1931-siweto-morza-odezwa-768x594.jpg 768w\" sizes=\"(max-width: 873px) 100vw, 873px\" \/>\t\t\n\t\t\t\t\t<\/a>\n\t\t\t<\/div>\n\t<div class=\"evc-iwt-content\">\n\t\t\t\t\t<h4 class=\"evc-iwt-title\" >\n\t\t\t\tPierwsze polskie \u015awi\u0119to Morza, Gdynia 1932\t\t\t<\/h4>\n\t\t\t\t\t<\/div>\n<\/div>\n[vc_empty_space][vc_empty_space]<div class=\"columns_wrap sc_columns columns_nofluid sc_columns_count_2\"><div class=\"column-1_2 sc_column_item sc_column_item_1 odd first\"><\/div><div class=\"column-1_2 sc_column_item sc_column_item_2 even\"><\/div><\/div>[vc_empty_space]<div class=\"evc-gallery-block evc-shortcode  evc-gb-featured-left evc-normal-space \">\n\t<div class=\"evc-gb-wrapper evc-element-wrapper\">\n\t\t\t\t\t<div class=\"evc-gb-image-wrapper evc-element-item evc-gb-featured-image\">\n\t\t\t\t<div class=\"evc-gb-image evc-ib-lightbox\">\n\t\t\t\t\t\t\t\t\t\t\n\t\t\t\t\t\t\t\t\t\t\t<a class=\"evc-gb-lightbox\" href=\"https:\/\/koszur.net\/wp-content\/uploads\/2020\/04\/1931-siweto-morza-gdynia00.jpg\" data-lightbox=\"evc-gb-lb-4129\" data-title=\"1931 \u015awi\u0119to Morza w Gdyni &#8211; trybuna honorowa\">\n\t\t\t\t\t\t\t\t\t\t\n\t\t\t\t\t<img decoding=\"async\" width=\"1126\" height=\"768\" src=\"https:\/\/koszur.net\/wp-content\/uploads\/2020\/04\/1931-siweto-morza-gdynia00.jpg\" class=\"attachment-full size-full\" alt=\"\" srcset=\"https:\/\/koszur.net\/wp-content\/uploads\/2020\/04\/1931-siweto-morza-gdynia00.jpg 1126w, https:\/\/koszur.net\/wp-content\/uploads\/2020\/04\/1931-siweto-morza-gdynia00-650x443.jpg 650w, https:\/\/koszur.net\/wp-content\/uploads\/2020\/04\/1931-siweto-morza-gdynia00-300x205.jpg 300w, https:\/\/koszur.net\/wp-content\/uploads\/2020\/04\/1931-siweto-morza-gdynia00-1024x698.jpg 1024w, https:\/\/koszur.net\/wp-content\/uploads\/2020\/04\/1931-siweto-morza-gdynia00-768x524.jpg 768w\" sizes=\"(max-width: 1126px) 100vw, 1126px\" \/>\t\t\t\t\t\n\t\t\t\t\t\t\t\t\t\t\t<\/a>\n\t\t\t\t\t\t\t\t\t<\/div>\n\t\t\t<\/div>\n\t\t\t\t\t<div class=\"evc-gb-image-wrapper evc-element-item \">\n\t\t\t\t<div class=\"evc-gb-image evc-ib-lightbox\">\n\t\t\t\t\t\t\t\t\t\t\n\t\t\t\t\t\t\t\t\t\t\t<a class=\"evc-gb-lightbox\" href=\"https:\/\/koszur.net\/wp-content\/uploads\/2020\/04\/1931-siweto-morza-gdynia-10-lutego.jpg\" data-lightbox=\"evc-gb-lb-4129\" data-title=\"1931 \u015awi\u0119to Morza w Gdyni &#8211; poch\u00f3d ulic\u0105 10 Lutego\">\n\t\t\t\t\t\t\t\t\t\t\n\t\t\t\t\t<img decoding=\"async\" width=\"654\" height=\"1024\" src=\"https:\/\/koszur.net\/wp-content\/uploads\/2020\/04\/1931-siweto-morza-gdynia-10-lutego-654x1024.jpg\" class=\"attachment-large size-large\" alt=\"\" srcset=\"https:\/\/koszur.net\/wp-content\/uploads\/2020\/04\/1931-siweto-morza-gdynia-10-lutego-654x1024.jpg 654w, https:\/\/koszur.net\/wp-content\/uploads\/2020\/04\/1931-siweto-morza-gdynia-10-lutego-650x1017.jpg 650w, https:\/\/koszur.net\/wp-content\/uploads\/2020\/04\/1931-siweto-morza-gdynia-10-lutego-192x300.jpg 192w, https:\/\/koszur.net\/wp-content\/uploads\/2020\/04\/1931-siweto-morza-gdynia-10-lutego.jpg 704w\" sizes=\"(max-width: 654px) 100vw, 654px\" \/>\t\t\t\t\t\n\t\t\t\t\t\t\t\t\t\t\t<\/a>\n\t\t\t\t\t\t\t\t\t<\/div>\n\t\t\t<\/div>\n\t\t\t\t\t<div class=\"evc-gb-image-wrapper evc-element-item \">\n\t\t\t\t<div class=\"evc-gb-image evc-ib-lightbox\">\n\t\t\t\t\t\t\t\t\t\t\n\t\t\t\t\t\t\t\t\t\t\t<a class=\"evc-gb-lightbox\" href=\"https:\/\/koszur.net\/wp-content\/uploads\/2020\/04\/1931-siweto-morza-gdynia-moscicki-na-orp-mewa.jpg\" data-lightbox=\"evc-gb-lb-4129\" data-title=\"1931 \u015awi\u0119to Morza w Gdyni &#8211; Prezydent Mo\u015bcicki na pok\u0142adzie ORP Mewa\">\n\t\t\t\t\t\t\t\t\t\t\n\t\t\t\t\t<img decoding=\"async\" width=\"1024\" height=\"686\" src=\"https:\/\/koszur.net\/wp-content\/uploads\/2020\/04\/1931-siweto-morza-gdynia-moscicki-na-orp-mewa-1024x686.jpg\" class=\"attachment-large size-large\" alt=\"\" srcset=\"https:\/\/koszur.net\/wp-content\/uploads\/2020\/04\/1931-siweto-morza-gdynia-moscicki-na-orp-mewa-1024x686.jpg 1024w, https:\/\/koszur.net\/wp-content\/uploads\/2020\/04\/1931-siweto-morza-gdynia-moscicki-na-orp-mewa-650x436.jpg 650w, https:\/\/koszur.net\/wp-content\/uploads\/2020\/04\/1931-siweto-morza-gdynia-moscicki-na-orp-mewa-300x201.jpg 300w, https:\/\/koszur.net\/wp-content\/uploads\/2020\/04\/1931-siweto-morza-gdynia-moscicki-na-orp-mewa-768x515.jpg 768w, https:\/\/koszur.net\/wp-content\/uploads\/2020\/04\/1931-siweto-morza-gdynia-moscicki-na-orp-mewa.jpg 1082w\" sizes=\"(max-width: 1024px) 100vw, 1024px\" \/>\t\t\t\t\t\n\t\t\t\t\t\t\t\t\t\t\t<\/a>\n\t\t\t\t\t\t\t\t\t<\/div>\n\t\t\t<\/div>\n\t\t\t\t\t<div class=\"evc-gb-image-wrapper evc-element-item \">\n\t\t\t\t<div class=\"evc-gb-image evc-ib-lightbox\">\n\t\t\t\t\t\t\t\t\t\t\n\t\t\t\t\t\t\t\t\t\t\t<a class=\"evc-gb-lightbox\" href=\"https:\/\/koszur.net\/wp-content\/uploads\/2020\/04\/1931-siweto-morza-gdynia-pilsudski-na-romanji.jpg\" data-lightbox=\"evc-gb-lb-4129\" data-title=\"1931 \u015awi\u0119to Morza w Gdyni &#8211; Marsza\u0142ek Pi\u0142sudski na pok\u0142adzie &#8222;Romiania&#8217;\">\n\t\t\t\t\t\t\t\t\t\t\n\t\t\t\t\t<img decoding=\"async\" width=\"652\" height=\"980\" src=\"https:\/\/koszur.net\/wp-content\/uploads\/2020\/04\/1931-siweto-morza-gdynia-pilsudski-na-romanji.jpg\" class=\"attachment-large size-large\" alt=\"\" srcset=\"https:\/\/koszur.net\/wp-content\/uploads\/2020\/04\/1931-siweto-morza-gdynia-pilsudski-na-romanji.jpg 652w, https:\/\/koszur.net\/wp-content\/uploads\/2020\/04\/1931-siweto-morza-gdynia-pilsudski-na-romanji-650x977.jpg 650w, https:\/\/koszur.net\/wp-content\/uploads\/2020\/04\/1931-siweto-morza-gdynia-pilsudski-na-romanji-200x300.jpg 200w\" sizes=\"(max-width: 652px) 100vw, 652px\" \/>\t\t\t\t\t\n\t\t\t\t\t\t\t\t\t\t\t<\/a>\n\t\t\t\t\t\t\t\t\t<\/div>\n\t\t\t<\/div>\n\t\t\t\t\t<div class=\"evc-gb-image-wrapper evc-element-item \">\n\t\t\t\t<div class=\"evc-gb-image evc-ib-lightbox\">\n\t\t\t\t\t\t\t\t\t\t\n\t\t\t\t\t\t\t\t\t\t\t<a class=\"evc-gb-lightbox\" href=\"https:\/\/koszur.net\/wp-content\/uploads\/2020\/04\/1931-siweto-morza-gdynia-pilsudski-na-romanji1.jpg\" data-lightbox=\"evc-gb-lb-4129\" data-title=\"1931 \u015awi\u0119to Morza w Gdyni &#8211; Marsza\u0142ek Pi\u0142sudski z wizyt\u0105 na pok\u0142adzie &#8222;Romania&#8221;\">\n\t\t\t\t\t\t\t\t\t\t\n\t\t\t\t\t<img decoding=\"async\" width=\"962\" height=\"663\" src=\"https:\/\/koszur.net\/wp-content\/uploads\/2020\/04\/1931-siweto-morza-gdynia-pilsudski-na-romanji1.jpg\" class=\"attachment-large size-large\" alt=\"\" srcset=\"https:\/\/koszur.net\/wp-content\/uploads\/2020\/04\/1931-siweto-morza-gdynia-pilsudski-na-romanji1.jpg 962w, https:\/\/koszur.net\/wp-content\/uploads\/2020\/04\/1931-siweto-morza-gdynia-pilsudski-na-romanji1-650x448.jpg 650w, https:\/\/koszur.net\/wp-content\/uploads\/2020\/04\/1931-siweto-morza-gdynia-pilsudski-na-romanji1-300x207.jpg 300w, https:\/\/koszur.net\/wp-content\/uploads\/2020\/04\/1931-siweto-morza-gdynia-pilsudski-na-romanji1-768x529.jpg 768w\" sizes=\"(max-width: 962px) 100vw, 962px\" \/>\t\t\t\t\t\n\t\t\t\t\t\t\t\t\t\t\t<\/a>\n\t\t\t\t\t\t\t\t\t<\/div>\n\t\t\t<\/div>\n\t\t\t\t\t<div class=\"evc-gb-image-wrapper evc-element-item \">\n\t\t\t\t<div class=\"evc-gb-image evc-ib-lightbox\">\n\t\t\t\t\t\t\t\t\t\t\n\t\t\t\t\t\t\t\t\t\t\t<a class=\"evc-gb-lightbox\" href=\"https:\/\/koszur.net\/wp-content\/uploads\/2020\/04\/1932-siweto-morza-radom.jpg\" data-lightbox=\"evc-gb-lb-4129\" data-title=\"1932-siweto-morza-radom\">\n\t\t\t\t\t\t\t\t\t\t\n\t\t\t\t\t<img decoding=\"async\" width=\"960\" height=\"621\" src=\"https:\/\/koszur.net\/wp-content\/uploads\/2020\/04\/1932-siweto-morza-radom.jpg\" class=\"attachment-large size-large\" alt=\"\" srcset=\"https:\/\/koszur.net\/wp-content\/uploads\/2020\/04\/1932-siweto-morza-radom.jpg 960w, https:\/\/koszur.net\/wp-content\/uploads\/2020\/04\/1932-siweto-morza-radom-650x420.jpg 650w, https:\/\/koszur.net\/wp-content\/uploads\/2020\/04\/1932-siweto-morza-radom-300x194.jpg 300w, https:\/\/koszur.net\/wp-content\/uploads\/2020\/04\/1932-siweto-morza-radom-768x497.jpg 768w\" sizes=\"(max-width: 960px) 100vw, 960px\" \/>\t\t\t\t\t\n\t\t\t\t\t\t\t\t\t\t\t<\/a>\n\t\t\t\t\t\t\t\t\t<\/div>\n\t\t\t<\/div>\n\t\t\t\t\t<div class=\"evc-gb-image-wrapper evc-element-item \">\n\t\t\t\t<div class=\"evc-gb-image evc-ib-lightbox\">\n\t\t\t\t\t\t\t\t\t\t\n\t\t\t\t\t\t\t\t\t\t\t<a class=\"evc-gb-lightbox\" href=\"https:\/\/koszur.net\/wp-content\/uploads\/2020\/04\/1931-siweto-morza-pola-namiotowe.jpg\" data-lightbox=\"evc-gb-lb-4129\" data-title=\"1931 \u015awi\u0119to Morza w Gdyni &#8211; pole namiotowe dla uczestnik\u00f3w obchodu\">\n\t\t\t\t\t\t\t\t\t\t\n\t\t\t\t\t<img decoding=\"async\" width=\"957\" height=\"612\" src=\"https:\/\/koszur.net\/wp-content\/uploads\/2020\/04\/1931-siweto-morza-pola-namiotowe.jpg\" class=\"attachment-large size-large\" alt=\"\" srcset=\"https:\/\/koszur.net\/wp-content\/uploads\/2020\/04\/1931-siweto-morza-pola-namiotowe.jpg 957w, https:\/\/koszur.net\/wp-content\/uploads\/2020\/04\/1931-siweto-morza-pola-namiotowe-650x416.jpg 650w, https:\/\/koszur.net\/wp-content\/uploads\/2020\/04\/1931-siweto-morza-pola-namiotowe-300x192.jpg 300w, https:\/\/koszur.net\/wp-content\/uploads\/2020\/04\/1931-siweto-morza-pola-namiotowe-768x491.jpg 768w\" sizes=\"(max-width: 957px) 100vw, 957px\" \/>\t\t\t\t\t\n\t\t\t\t\t\t\t\t\t\t\t<\/a>\n\t\t\t\t\t\t\t\t\t<\/div>\n\t\t\t<\/div>\n\t\t\t\t\t<div class=\"evc-gb-image-wrapper evc-element-item \">\n\t\t\t\t<div class=\"evc-gb-image evc-ib-lightbox\">\n\t\t\t\t\t\t\t\t\t\t\n\t\t\t\t\t\t\t\t\t\t\t<a class=\"evc-gb-lightbox\" href=\"https:\/\/koszur.net\/wp-content\/uploads\/2020\/04\/1931-siweto-morza-odznaczenia.jpg\" data-lightbox=\"evc-gb-lb-4129\" data-title=\"1931 \u015awi\u0119to Morza w Gdyni &#8211; odznaczenia dla dzia\u0142aczy\">\n\t\t\t\t\t\t\t\t\t\t\n\t\t\t\t\t<img decoding=\"async\" width=\"1024\" height=\"744\" src=\"https:\/\/koszur.net\/wp-content\/uploads\/2020\/04\/1931-siweto-morza-odznaczenia-1024x744.jpg\" class=\"attachment-large size-large\" alt=\"\" srcset=\"https:\/\/koszur.net\/wp-content\/uploads\/2020\/04\/1931-siweto-morza-odznaczenia-1024x744.jpg 1024w, https:\/\/koszur.net\/wp-content\/uploads\/2020\/04\/1931-siweto-morza-odznaczenia-650x472.jpg 650w, https:\/\/koszur.net\/wp-content\/uploads\/2020\/04\/1931-siweto-morza-odznaczenia-300x218.jpg 300w, https:\/\/koszur.net\/wp-content\/uploads\/2020\/04\/1931-siweto-morza-odznaczenia-768x558.jpg 768w, https:\/\/koszur.net\/wp-content\/uploads\/2020\/04\/1931-siweto-morza-odznaczenia.jpg 1046w\" sizes=\"(max-width: 1024px) 100vw, 1024px\" \/>\t\t\t\t\t\n\t\t\t\t\t\t\t\t\t\t\t<\/a>\n\t\t\t\t\t\t\t\t\t<\/div>\n\t\t\t<\/div>\n\t\t\t\t\t<div class=\"evc-gb-image-wrapper evc-element-item \">\n\t\t\t\t<div class=\"evc-gb-image evc-ib-lightbox\">\n\t\t\t\t\t\t\t\t\t\t\n\t\t\t\t\t\t\t\t\t\t\t<a class=\"evc-gb-lightbox\" href=\"https:\/\/koszur.net\/wp-content\/uploads\/2020\/04\/1931-siweto-morza-msza-swieta.jpg\" data-lightbox=\"evc-gb-lb-4129\" data-title=\"1931 \u015awi\u0119to Morza w Gdyni &#8211; Msza Morska\">\n\t\t\t\t\t\t\t\t\t\t\n\t\t\t\t\t<img decoding=\"async\" width=\"1024\" height=\"731\" src=\"https:\/\/koszur.net\/wp-content\/uploads\/2020\/04\/1931-siweto-morza-msza-swieta-1024x731.jpg\" class=\"attachment-large size-large\" alt=\"\" srcset=\"https:\/\/koszur.net\/wp-content\/uploads\/2020\/04\/1931-siweto-morza-msza-swieta-1024x731.jpg 1024w, https:\/\/koszur.net\/wp-content\/uploads\/2020\/04\/1931-siweto-morza-msza-swieta-650x464.jpg 650w, https:\/\/koszur.net\/wp-content\/uploads\/2020\/04\/1931-siweto-morza-msza-swieta-300x214.jpg 300w, https:\/\/koszur.net\/wp-content\/uploads\/2020\/04\/1931-siweto-morza-msza-swieta-768x548.jpg 768w, https:\/\/koszur.net\/wp-content\/uploads\/2020\/04\/1931-siweto-morza-msza-swieta.jpg 1041w\" sizes=\"(max-width: 1024px) 100vw, 1024px\" \/>\t\t\t\t\t\n\t\t\t\t\t\t\t\t\t\t\t<\/a>\n\t\t\t\t\t\t\t\t\t<\/div>\n\t\t\t<\/div>\n\t\t\t<\/div>\n<\/div>\n[vc_text_separator title=&#8221;Sacrum morza&#8230;&#8221; i_icon_fontawesome=&#8221;fa fa-get-pocket&#8221; border_width=&#8221;3&#8243; add_icon=&#8221;true&#8221;][vc_empty_space]\n<div class=\"wpcf7 no-js\" id=\"wpcf7-f7212-o1\" lang=\"pl-PL\" dir=\"ltr\" data-wpcf7-id=\"7212\">\n<div class=\"screen-reader-response\"><p role=\"status\" aria-live=\"polite\" aria-atomic=\"true\"><\/p> <ul><\/ul><\/div>\n<form action=\"\/index.php\/wp-json\/wp\/v2\/pages\/6039#wpcf7-f7212-o1\" method=\"post\" class=\"wpcf7-form init\" aria-label=\"Formularz kontaktowy\" novalidate=\"novalidate\" data-status=\"init\">\n<fieldset class=\"hidden-fields-container\"><input type=\"hidden\" name=\"_wpcf7\" value=\"7212\" \/><input type=\"hidden\" name=\"_wpcf7_version\" value=\"6.1.5\" \/><input type=\"hidden\" name=\"_wpcf7_locale\" value=\"pl_PL\" \/><input type=\"hidden\" name=\"_wpcf7_unit_tag\" value=\"wpcf7-f7212-o1\" \/><input type=\"hidden\" name=\"_wpcf7_container_post\" value=\"0\" \/><input type=\"hidden\" name=\"_wpcf7_posted_data_hash\" value=\"\" \/><input type=\"hidden\" name=\"_wpcf7_recaptcha_response\" value=\"\" \/>\n<\/fieldset>\n<div class=\"form_info\">\n\t<p><span class=\"wpcf7-form-control-wrap\" data-name=\"text-173\"><input size=\"40\" maxlength=\"400\" class=\"wpcf7-form-control wpcf7-text wpcf7-validates-as-required\" aria-required=\"true\" aria-invalid=\"false\" placeholder=\"Imie i nazwisko*\" value=\"\" type=\"text\" name=\"text-173\" \/><\/span><span class=\"wpcf7-form-control-wrap\" data-name=\"email-273\"><input size=\"40\" maxlength=\"400\" class=\"wpcf7-form-control wpcf7-email wpcf7-validates-as-required wpcf7-text wpcf7-validates-as-email\" aria-required=\"true\" aria-invalid=\"false\" placeholder=\"E-mail*\" value=\"\" type=\"email\" name=\"email-273\" \/><\/span>\n\t<\/p>\n<\/div>\n<div class=\"form_subject\">\n\t<p><span class=\"wpcf7-form-control-wrap\" data-name=\"your-subject\"><input size=\"40\" maxlength=\"400\" class=\"wpcf7-form-control wpcf7-text\" aria-invalid=\"false\" placeholder=\"Temat\" value=\"\" type=\"text\" name=\"your-subject\" \/><\/span>\n\t<\/p>\n<\/div>\n<p><span class=\"wpcf7-form-control-wrap\" data-name=\"textarea-472\"><textarea cols=\"40\" rows=\"10\" maxlength=\"2000\" class=\"wpcf7-form-control wpcf7-textarea wpcf7-validates-as-required\" aria-required=\"true\" aria-invalid=\"false\" placeholder=\"Message\" name=\"textarea-472\"><\/textarea><\/span><br \/>\n<span class=\"wpcf7-form-control-wrap\" data-name=\"acceptance-381\"><span class=\"wpcf7-form-control wpcf7-acceptance\"><span class=\"wpcf7-list-item\"><label><input type=\"checkbox\" name=\"acceptance-381\" value=\"1\" aria-invalid=\"false\" \/><span class=\"wpcf7-list-item-label\">Wyra\u017cam zgod\u0119 na gromadzenie i przechowywanie moich danych adresowych na potrzeby tej korespondencji.<\/span><\/label><\/span><\/span><\/span>\n<\/p>\n<div class=\"form_button\">\n\t<p><input class=\"wpcf7-form-control wpcf7-submit has-spinner\" type=\"submit\" value=\"Wysy\u0142am\" \/>\n\t<\/p>\n<\/div><div class=\"wpcf7-response-output\" aria-hidden=\"true\"><\/div>\n<\/form>\n<\/div>\n[\/vc_column][\/vc_row][vc_row][vc_column][\/vc_column][\/vc_row]<\/p>\n","protected":false},"excerpt":{"rendered":"<p>[vc_row][vc_column][vc_empty_space][vc_gallery interval=&#8221;3&#8243; images=&#8221;6465,6466,6467&#8243; img_size=&#8221;large&#8221; onclick=&#8221;img_link_large&#8221; custom_links_target=&#8221;_blank&#8221; title=&#8221;Radio Succes, 1938&#8243;][vc_empty_space][vc_text_separator title=&#8221;Tradycje '\u015awi\u0119ta morza&#8217;&#8221; border_width=&#8221;3&#8243;][vc_empty_space][vc_empty_space][vc_empty_space][vc_video link=&#8221;https:\/\/youtu.be\/z8q0S2JyyQE&#8221; title=&#8221;PKF &#8211; \u015awi\u0119to Morza 1947&#8243;][vc_empty_space][vc_empty_space][vc_empty_space][vc_empty_space][vc_empty_space][vc_empty_space][vc_empty_space][vc_empty_space][vc_empty_space][vc_empty_space][vc_text_separator title=&#8221;Sacrum morza&#8230;&#8221; i_icon_fontawesome=&#8221;fa fa-get-pocket&#8221; border_width=&#8221;3&#8243; add_icon=&#8221;true&#8221;][vc_empty_space][\/vc_column][\/vc_row][vc_row][vc_column][\/vc_column][\/vc_row]<\/p>\n","protected":false},"author":990004,"featured_media":6456,"parent":0,"menu_order":0,"comment_status":"closed","ping_status":"closed","template":"","meta":{"footnotes":""},"class_list":["post-6039","page","type-page","status-publish","has-post-thumbnail","hentry"],"yoast_head":"<!-- This site is optimized with the Yoast SEO plugin v27.4 - https:\/\/yoast.com\/product\/yoast-seo-wordpress\/ -->\n<title>\u015awi\u0119to morza - Marek Koszur<\/title>\n<meta name=\"description\" content=\"tradycje polskie i obce budowanie jedno\u015bci spo\u0142ecznego celu archiwalne audycje Polskiego Radia Szczecin 1946\" \/>\n<meta name=\"robots\" content=\"index, follow, max-snippet:-1, max-image-preview:large, max-video-preview:-1\" \/>\n<link rel=\"canonical\" href=\"https:\/\/koszur.net\/index.php\/swieto-morza\/\" \/>\n<meta property=\"og:locale\" content=\"pl_PL\" \/>\n<meta property=\"og:type\" content=\"article\" \/>\n<meta property=\"og:title\" content=\"\u015awi\u0119to morza - Marek Koszur\" \/>\n<meta property=\"og:description\" content=\"tradycje polskie i obce budowanie jedno\u015bci spo\u0142ecznego celu archiwalne audycje Polskiego Radia Szczecin 1946\" \/>\n<meta property=\"og:url\" content=\"https:\/\/koszur.net\/index.php\/swieto-morza\/\" \/>\n<meta property=\"og:site_name\" content=\"Marek Koszur\" \/>\n<meta property=\"article:modified_time\" content=\"2021-11-21T21:50:34+00:00\" \/>\n<meta property=\"og:image\" content=\"https:\/\/koszur.net\/wp-content\/uploads\/2020\/07\/swietomorza_znaczek.jpg\" \/>\n\t<meta property=\"og:image:width\" content=\"884\" \/>\n\t<meta property=\"og:image:height\" content=\"706\" \/>\n\t<meta property=\"og:image:type\" content=\"image\/jpeg\" \/>\n<meta name=\"twitter:card\" content=\"summary_large_image\" \/>\n<meta name=\"twitter:label1\" content=\"Szacowany czas czytania\" \/>\n\t<meta name=\"twitter:data1\" content=\"2 minuty\" \/>\n<script type=\"application\/ld+json\" class=\"yoast-schema-graph\">{\"@context\":\"https:\\\/\\\/schema.org\",\"@graph\":[{\"@type\":\"WebPage\",\"@id\":\"https:\\\/\\\/koszur.net\\\/index.php\\\/swieto-morza\\\/\",\"url\":\"https:\\\/\\\/koszur.net\\\/index.php\\\/swieto-morza\\\/\",\"name\":\"\u015awi\u0119to morza - Marek Koszur\",\"isPartOf\":{\"@id\":\"https:\\\/\\\/koszur.net\\\/#website\"},\"primaryImageOfPage\":{\"@id\":\"https:\\\/\\\/koszur.net\\\/index.php\\\/swieto-morza\\\/#primaryimage\"},\"image\":{\"@id\":\"https:\\\/\\\/koszur.net\\\/index.php\\\/swieto-morza\\\/#primaryimage\"},\"thumbnailUrl\":\"https:\\\/\\\/koszur.net\\\/wp-content\\\/uploads\\\/2020\\\/07\\\/swietomorza_znaczek.jpg\",\"datePublished\":\"2020-05-02T18:08:33+00:00\",\"dateModified\":\"2021-11-21T21:50:34+00:00\",\"description\":\"tradycje polskie i obce budowanie jedno\u015bci spo\u0142ecznego celu archiwalne audycje Polskiego Radia Szczecin 1946\",\"breadcrumb\":{\"@id\":\"https:\\\/\\\/koszur.net\\\/index.php\\\/swieto-morza\\\/#breadcrumb\"},\"inLanguage\":\"pl-PL\",\"potentialAction\":[{\"@type\":\"ReadAction\",\"target\":[\"https:\\\/\\\/koszur.net\\\/index.php\\\/swieto-morza\\\/\"]}]},{\"@type\":\"ImageObject\",\"inLanguage\":\"pl-PL\",\"@id\":\"https:\\\/\\\/koszur.net\\\/index.php\\\/swieto-morza\\\/#primaryimage\",\"url\":\"https:\\\/\\\/koszur.net\\\/wp-content\\\/uploads\\\/2020\\\/07\\\/swietomorza_znaczek.jpg\",\"contentUrl\":\"https:\\\/\\\/koszur.net\\\/wp-content\\\/uploads\\\/2020\\\/07\\\/swietomorza_znaczek.jpg\",\"width\":884,\"height\":706},{\"@type\":\"BreadcrumbList\",\"@id\":\"https:\\\/\\\/koszur.net\\\/index.php\\\/swieto-morza\\\/#breadcrumb\",\"itemListElement\":[{\"@type\":\"ListItem\",\"position\":1,\"name\":\"Strona g\u0142\u00f3wna\",\"item\":\"https:\\\/\\\/koszur.net\\\/\"},{\"@type\":\"ListItem\",\"position\":2,\"name\":\"\u015awi\u0119to morza\"}]},{\"@type\":\"WebSite\",\"@id\":\"https:\\\/\\\/koszur.net\\\/#website\",\"url\":\"https:\\\/\\\/koszur.net\\\/\",\"name\":\"Marek Koszur\",\"description\":\"\",\"potentialAction\":[{\"@type\":\"SearchAction\",\"target\":{\"@type\":\"EntryPoint\",\"urlTemplate\":\"https:\\\/\\\/koszur.net\\\/?s={search_term_string}\"},\"query-input\":{\"@type\":\"PropertyValueSpecification\",\"valueRequired\":true,\"valueName\":\"search_term_string\"}}],\"inLanguage\":\"pl-PL\"}]}<\/script>\n<!-- \/ Yoast SEO plugin. -->","yoast_head_json":{"title":"\u015awi\u0119to morza - Marek Koszur","description":"tradycje polskie i obce budowanie jedno\u015bci spo\u0142ecznego celu archiwalne audycje Polskiego Radia Szczecin 1946","robots":{"index":"index","follow":"follow","max-snippet":"max-snippet:-1","max-image-preview":"max-image-preview:large","max-video-preview":"max-video-preview:-1"},"canonical":"https:\/\/koszur.net\/index.php\/swieto-morza\/","og_locale":"pl_PL","og_type":"article","og_title":"\u015awi\u0119to morza - Marek Koszur","og_description":"tradycje polskie i obce budowanie jedno\u015bci spo\u0142ecznego celu archiwalne audycje Polskiego Radia Szczecin 1946","og_url":"https:\/\/koszur.net\/index.php\/swieto-morza\/","og_site_name":"Marek Koszur","article_modified_time":"2021-11-21T21:50:34+00:00","og_image":[{"width":884,"height":706,"url":"https:\/\/koszur.net\/wp-content\/uploads\/2020\/07\/swietomorza_znaczek.jpg","type":"image\/jpeg"}],"twitter_card":"summary_large_image","twitter_misc":{"Szacowany czas czytania":"2 minuty"},"schema":{"@context":"https:\/\/schema.org","@graph":[{"@type":"WebPage","@id":"https:\/\/koszur.net\/index.php\/swieto-morza\/","url":"https:\/\/koszur.net\/index.php\/swieto-morza\/","name":"\u015awi\u0119to morza - Marek Koszur","isPartOf":{"@id":"https:\/\/koszur.net\/#website"},"primaryImageOfPage":{"@id":"https:\/\/koszur.net\/index.php\/swieto-morza\/#primaryimage"},"image":{"@id":"https:\/\/koszur.net\/index.php\/swieto-morza\/#primaryimage"},"thumbnailUrl":"https:\/\/koszur.net\/wp-content\/uploads\/2020\/07\/swietomorza_znaczek.jpg","datePublished":"2020-05-02T18:08:33+00:00","dateModified":"2021-11-21T21:50:34+00:00","description":"tradycje polskie i obce budowanie jedno\u015bci spo\u0142ecznego celu archiwalne audycje Polskiego Radia Szczecin 1946","breadcrumb":{"@id":"https:\/\/koszur.net\/index.php\/swieto-morza\/#breadcrumb"},"inLanguage":"pl-PL","potentialAction":[{"@type":"ReadAction","target":["https:\/\/koszur.net\/index.php\/swieto-morza\/"]}]},{"@type":"ImageObject","inLanguage":"pl-PL","@id":"https:\/\/koszur.net\/index.php\/swieto-morza\/#primaryimage","url":"https:\/\/koszur.net\/wp-content\/uploads\/2020\/07\/swietomorza_znaczek.jpg","contentUrl":"https:\/\/koszur.net\/wp-content\/uploads\/2020\/07\/swietomorza_znaczek.jpg","width":884,"height":706},{"@type":"BreadcrumbList","@id":"https:\/\/koszur.net\/index.php\/swieto-morza\/#breadcrumb","itemListElement":[{"@type":"ListItem","position":1,"name":"Strona g\u0142\u00f3wna","item":"https:\/\/koszur.net\/"},{"@type":"ListItem","position":2,"name":"\u015awi\u0119to morza"}]},{"@type":"WebSite","@id":"https:\/\/koszur.net\/#website","url":"https:\/\/koszur.net\/","name":"Marek Koszur","description":"","potentialAction":[{"@type":"SearchAction","target":{"@type":"EntryPoint","urlTemplate":"https:\/\/koszur.net\/?s={search_term_string}"},"query-input":{"@type":"PropertyValueSpecification","valueRequired":true,"valueName":"search_term_string"}}],"inLanguage":"pl-PL"}]}},"_links":{"self":[{"href":"https:\/\/koszur.net\/index.php\/wp-json\/wp\/v2\/pages\/6039","targetHints":{"allow":["GET"]}}],"collection":[{"href":"https:\/\/koszur.net\/index.php\/wp-json\/wp\/v2\/pages"}],"about":[{"href":"https:\/\/koszur.net\/index.php\/wp-json\/wp\/v2\/types\/page"}],"author":[{"embeddable":true,"href":"https:\/\/koszur.net\/index.php\/wp-json\/wp\/v2\/users\/990004"}],"replies":[{"embeddable":true,"href":"https:\/\/koszur.net\/index.php\/wp-json\/wp\/v2\/comments?post=6039"}],"version-history":[{"count":48,"href":"https:\/\/koszur.net\/index.php\/wp-json\/wp\/v2\/pages\/6039\/revisions"}],"predecessor-version":[{"id":6470,"href":"https:\/\/koszur.net\/index.php\/wp-json\/wp\/v2\/pages\/6039\/revisions\/6470"}],"wp:featuredmedia":[{"embeddable":true,"href":"https:\/\/koszur.net\/index.php\/wp-json\/wp\/v2\/media\/6456"}],"wp:attachment":[{"href":"https:\/\/koszur.net\/index.php\/wp-json\/wp\/v2\/media?parent=6039"}],"curies":[{"name":"wp","href":"https:\/\/api.w.org\/{rel}","templated":true}]}}