{"id":12767,"date":"2024-03-23T10:04:03","date_gmt":"2024-03-23T09:04:03","guid":{"rendered":"https:\/\/koszur.net\/?page_id=12767"},"modified":"2024-03-23T19:24:39","modified_gmt":"2024-03-23T18:24:39","slug":"morze_org","status":"publish","type":"page","link":"https:\/\/koszur.net\/index.php\/morze_org\/","title":{"rendered":"MORZE.ORG"},"content":{"rendered":"<p>[vc_row][vc_column][vc_column_text]<\/p>\n<hr \/>\n<p>Nigdy w Polsce nie powsta\u0142a prawdziwa &#8222;Encyklopedia morska&#8221;.<\/p>\n<p>T\u0119 prawd\u0119 odkry\u0142em w czasach, gdy kupno interesuj\u0105cej, wa\u017cnej, potrzebnej i warto\u015bciowej ksi\u0105\u017cki &#8211; a m\u00f3wi\u0105c wprost: ka\u017cdej &#8211; by\u0142o nie lada wyzwaniem.<\/p>\n<p>Codziennie kr\u0105\u017cy\u0142em mi\u0119dzy zaprzyja\u017anionymi ksi\u0119garniami i antykwariatami. Wizyta w innych miastach zawsze zaczyna\u0142a si\u0119 od tych ostatnich &#8211; &#8222;sezam\u00f3w&#8221;.<\/p>\n<p>Skoro nie ma encyklopedii &#8211; w latach 60. i 70. XX wieku, podstawy ka\u017cdej biblioteki &#8211; postanowi\u0142em zdoby\u0107 wszystkie, tak &#8211; wszystkie wydawnictwa po\u015bwi\u0119cone morzu, wydane w Polsce Niepodleg\u0142ej. I chyba zamiar ten uda\u0142o mi si\u0119 zrealizowa\u0107.<\/p>\n<p>Wyobra\u017ca\u0142em sobie: b\u0119d\u0119 mia\u0142 pod r\u0119k\u0105 materia\u0142y na ka\u017cdy morski temat. Nie przewidzia\u0142em jednak tego, \u017ce Polska odwr\u00f3ci si\u0119 skutecznie od morza. Polska \u2013 pa\u0144stwo. Nie ludzie, kt\u00f3rych morze zawsze inspirowa\u0142o. Nie przedsi\u0119biorcy, kt\u00f3rzy ju\u017c po upadku polskiego okr\u0119townictwa doskonale odczytali kurs ku kontrahentom definiuj\u0105cym obecne zadania i cele uprawy morza.<\/p>\n<p>Polska nigdy nie mia\u0142a, nie ma i nie robi nic w kierunku zdefiniowania polityki morskiej. Wybrze\u017ce Ba\u0142tyku zalewaj\u0105 miliony ton betonu pod fundamenty o\u015brodk\u00f3w wypoczynkowych i apartamentowc\u00f3w. Zmiany klimatu czyni\u0105 z naszego morza najwi\u0119ksz\u0105 atrakcje turystyczn\u0105 regionu. Ale przez wiele jeszcze lat, np. w okolicach mi\u0119dzyzdrojskiego nabrze\u017ca rybackiego, kr\u00f3lowa\u0107 b\u0119d\u0105 obskurne budy, baraki, nory szumnie nazywane \u201eZ\u0142ot\u0105 rybk\u0105\u201d czy \u201eSmakami morza\u201d. Za to ceny za serwowane posi\u0142ki ze \u015bwie\u017cych mro\u017conek nie maj\u0105 sobie r\u00f3wnych w basenie <em>mare nostrum<\/em>.<\/p>\n<p>Dajmy jednak pok\u00f3j\u2026 Mo\u017ce wr\u00f3c\u0119 do tych kwestii, cho\u0107by cytuj\u0105c korespondencj\u0119 z komandorem Wojciechem Franckim, legendarnym dow\u00f3dc\u0105 m.in. ORP \u201eB\u0142yskawica\u201d, kt\u00f3ry z australijskiej perspektywy ocenia\u0142 przedwojenne i powojenne \u201esiod\u0142anie\u201d polskiego morza.<\/p>\n<p>W po\u0142owie lat 80. XX wieku, kiedy wiele morskich materia\u0142\u00f3w publikowa\u0142em na \u0142amach \u017bycia Warszawy&#8221;, redaktor Jerzy Mici\u0144ski, szef MORZA, zaproponowa\u0142 mi kierowanie szczeci\u0144skim Oddzia\u0142em redakcji. Zadaniem moim by\u0142o dostarczanie materia\u0142\u00f3w i zach\u0119canie autor\u00f3w do podejmowania tematyki szczeci\u0144skiej.<\/p>\n<p>Pot\u0119\u017cny kryzys stoczniowy w Europie, przemiany polityczne w kraju, zmiany w\u0142asno\u015bciowe w firmach morskich a w moim przypadku &#8211; pojawienie si\u0119 Magazynu MORZE na antenie telewizyjnej Jedynki zdecydowa\u0142y o pe\u0142nej koncentracji na niedzielnych wydaniach reporta\u017cy morskich, realizowanych na ca\u0142ym \u015bwiecie.<\/p>\n<p>Pr\u00f3bowali\u015bmy ze S\u0142awkiem Cie\u015bli\u0144skim, uatrakcyjni\u0107 pismo. Rozwa\u017cali\u015bmy dodawanie do gazety kaset VHS z nie tylko moimi programami. My\u015bleli\u015bmy te\u017c o serii wydawniczej film\u00f3w morskich na kasetach video, dostarczanych do tak popularnych w tamtym czasie wypo\u017cyczalni video. Wreszcie &#8211; pieni\u0105dze. Brak \u015brodk\u00f3w na utrzymanie zespo\u0142u redakcyjnego, brak reklam, koszty najmu pomieszcze\u0144 redakcyjnych&#8230; Nie by\u0142o innego wyj\u015bcia. Trzeba by\u0142o opu\u015bci\u0107 bander\u0119.<\/p>\n<p>W tym czasie p\u00f3\u0142ka z tematami oczekuj\u0105cymi na ich dopracowanie i uko\u0144czenie\u00a0 zape\u0142nia\u0142a si\u0119 coraz bardziej.<\/p>\n<p>Z r\u00f3\u017cnych wzgl\u0119d\u00f3w nigdy wcze\u015bniej nie uda\u0142o mi si\u0119 doko\u0144czy\u0107 i opublikowa\u0107 wielu materia\u0142\u00f3w. Opas\u0142e kartony, grube skoroszyty, pe\u0142ne kartek notatniki od lat le\u017ca\u0142y na najwy\u017cszych i najni\u017cszych p\u00f3\u0142kach. I tak pewnie by\u0142oby do dzi\u015b, gdyby nie mail, kt\u00f3ry przys\u0142a\u0142 redaktor naczelny nowego wcielenia MORZA, najstarszego \u2013 Obok Przegl\u0105du technicznego, polskiego czasopisma. Jesieni\u0105 2024 roku minie sto lat od ukazania si\u0119 pierwszego numer\u00f3w tego miesi\u0119cznika. Redaktor Marcin Bu\u015b zaproponowa\u0142 mi stale miejsce w pi\u015bmie i nazwa\u0142 je: \u201eZakaMarek\u201d.<\/p>\n<p>Trudno o bardziej sympatyczny u\u015bmiech losu.<\/p>\n<p>Poni\u017cej przedruki materia\u0142\u00f3w przygotowywanych dla MORZE.ORG<\/p>\n<hr \/>\n<p>[\/vc_column_text][vc_empty_space]<div class=\"evc-blog-list evc-shortcode evc-element-has-columns  evc-bl-standard evc-bl-layout-date-on-image evc-three-columns evc-normal-space  \" data-options=\"{&quot;module&quot;:&quot;shortcodes&quot;,&quot;shortcode_name&quot;:&quot;blog-list&quot;,&quot;post_type&quot;:&quot;post&quot;,&quot;next_page&quot;:&quot;2&quot;,&quot;max_pages_num&quot;:1,&quot;type&quot;:&quot;standard&quot;,&quot;layout_collections&quot;:&quot;date-on-image&quot;,&quot;number_of_posts&quot;:&quot;100&quot;,&quot;number_of_columns&quot;:&quot;three&quot;,&quot;space_between_items&quot;:&quot;normal&quot;,&quot;category&quot;:&quot;morze-org&quot;,&quot;orderby&quot;:&quot;date&quot;,&quot;order&quot;:&quot;ASC&quot;,&quot;image_proportions&quot;:&quot;full&quot;,&quot;title_tag&quot;:&quot;h4&quot;,&quot;enable_excerpt&quot;:&quot;yes&quot;,&quot;excerpt_length&quot;:&quot;250&quot;,&quot;enable_category&quot;:&quot;yes&quot;,&quot;enable_author&quot;:&quot;yes&quot;,&quot;enable_date&quot;:&quot;yes&quot;,&quot;button_text&quot;:&quot;Load More&quot;}\">\n\t<div class=\"evc-bl-wrapper evc-element-wrapper\">\n\t\t<div class=\"evc-bl-item evc-element-item\">\n\t<div class=\"evc-bli-inner\">\n\t\t\t<div class=\"evc-bli-image evc-ib-zoom\">\n\t\t<a href=\"https:\/\/koszur.net\/index.php\/2024\/03\/23\/pierwsze-wy-nauciarze-pierwsze-okretniki-100-lat-temu-polska-bandera-przeciela-rownik-i-dotarla-do-brazylii\/\">\n\t\t\t<img decoding=\"async\" width=\"1920\" height=\"1434\" src=\"https:\/\/koszur.net\/wp-content\/uploads\/2024\/03\/Kwartalnik-MORZE-rejs-do-Brazylii-Statejk-szkolny-Lwow-pod-zaglami-PH.jpg\" class=\"attachment-full size-full wp-post-image\" alt=\"\" srcset=\"https:\/\/koszur.net\/wp-content\/uploads\/2024\/03\/Kwartalnik-MORZE-rejs-do-Brazylii-Statejk-szkolny-Lwow-pod-zaglami-PH.jpg 1920w, https:\/\/koszur.net\/wp-content\/uploads\/2024\/03\/Kwartalnik-MORZE-rejs-do-Brazylii-Statejk-szkolny-Lwow-pod-zaglami-PH-300x224.jpg 300w, https:\/\/koszur.net\/wp-content\/uploads\/2024\/03\/Kwartalnik-MORZE-rejs-do-Brazylii-Statejk-szkolny-Lwow-pod-zaglami-PH-1024x765.jpg 1024w, https:\/\/koszur.net\/wp-content\/uploads\/2024\/03\/Kwartalnik-MORZE-rejs-do-Brazylii-Statejk-szkolny-Lwow-pod-zaglami-PH-768x574.jpg 768w, https:\/\/koszur.net\/wp-content\/uploads\/2024\/03\/Kwartalnik-MORZE-rejs-do-Brazylii-Statejk-szkolny-Lwow-pod-zaglami-PH-1536x1147.jpg 1536w, https:\/\/koszur.net\/wp-content\/uploads\/2024\/03\/Kwartalnik-MORZE-rejs-do-Brazylii-Statejk-szkolny-Lwow-pod-zaglami-PH-650x485.jpg 650w\" sizes=\"(max-width: 1920px) 100vw, 1920px\" \/>\t\t\t\t<div class=\"evc-bli-date evc-bli-date-on-image entry-date published updated\">\n\t\t<span class=\"evc-bli-date-day\">23<\/span>\n\t\t<span class=\"evc-bli-date-month\">mar<\/span>\n\t<\/div>\n\t\t<\/a>\n\t<\/div>\n\t\t<div class=\"evc-bli-content\">\n\t\t\t<h4 class=\"evc-bli-title entry-title\"><a href=\"https:\/\/koszur.net\/index.php\/2024\/03\/23\/pierwsze-wy-nauciarze-pierwsze-okretniki-100-lat-temu-polska-bandera-przeciela-rownik-i-dotarla-do-brazylii\/\">Pierwsze wy nauciarze, pierwsze okr\u0119tniki &#8211; 100 lat temu polska bandera przeci\u0119\u0142a r\u00f3wnik i dotar\u0142a do Brazylii<\/a><\/h4>\t\t\t\t<p class=\"evc-bli-excerpt\">Otwieram stary karton, ten z liter\u0105 T, jak Tczew. W \u015brodku &#8211; setki kartek, notatek, zdj\u0119cia, wycinki prasowe. Nie si\u0119ga\u0142em po nie od dwudziestu, mo\u017ce nawet wi\u0119cej lat. \u201ePierwsze wy nauciarze, pierwsze okr\u0119tniki\u201d. Pami\u0119tam, jak na z<\/p>\n\t\t\t<div class=\"evc-bli-post-info evc-bli-post-info-bottom\">\n\t\t\t\t\t<div class=\"evc-bli-author\">\n\t\t<a class=\"evc-bli-author-link\" href=\"https:\/\/koszur.net\/index.php\/author\/marekk\/\">\n\t\t\t<span class=\"evc-bli-author-label\">by<\/span>\n\t\t\t<span class=\"evc-bli-author-name\">Marek Koszur<\/span>\n\t\t<\/a>\n\t<\/div>\n\t\t\t\t\t<div class=\"evc-bli-category\"><a href=\"https:\/\/koszur.net\/index.php\/category\/morze-org\/\" rel=\"category tag\">morze.org<\/a>, <a href=\"https:\/\/koszur.net\/index.php\/category\/post\/\" rel=\"category tag\">Post<\/a>, <a href=\"https:\/\/koszur.net\/index.php\/category\/wpis\/\" rel=\"category tag\">Wpis<\/a><\/div>\n\t\t\t<\/div>\n\t\t<\/div>\n\t<\/div>\n<\/div><div class=\"evc-bl-item evc-element-item\">\n\t<div class=\"evc-bli-inner\">\n\t\t\t<div class=\"evc-bli-image evc-ib-zoom\">\n\t\t<a href=\"https:\/\/koszur.net\/index.php\/2024\/04\/19\/pamietnik-marynarza-cz-1\/\">\n\t\t\t<img decoding=\"async\" width=\"1040\" height=\"886\" src=\"https:\/\/koszur.net\/wp-content\/uploads\/2024\/04\/pamietnik-marynarza-01-03.jpg\" class=\"attachment-full size-full wp-post-image\" alt=\"\" srcset=\"https:\/\/koszur.net\/wp-content\/uploads\/2024\/04\/pamietnik-marynarza-01-03.jpg 1040w, https:\/\/koszur.net\/wp-content\/uploads\/2024\/04\/pamietnik-marynarza-01-03-300x256.jpg 300w, https:\/\/koszur.net\/wp-content\/uploads\/2024\/04\/pamietnik-marynarza-01-03-1024x872.jpg 1024w, https:\/\/koszur.net\/wp-content\/uploads\/2024\/04\/pamietnik-marynarza-01-03-768x654.jpg 768w, https:\/\/koszur.net\/wp-content\/uploads\/2024\/04\/pamietnik-marynarza-01-03-650x554.jpg 650w\" sizes=\"(max-width: 1040px) 100vw, 1040px\" \/>\t\t\t\t<div class=\"evc-bli-date evc-bli-date-on-image entry-date published updated\">\n\t\t<span class=\"evc-bli-date-day\">19<\/span>\n\t\t<span class=\"evc-bli-date-month\">kwi<\/span>\n\t<\/div>\n\t\t<\/a>\n\t<\/div>\n\t\t<div class=\"evc-bli-content\">\n\t\t\t<h4 class=\"evc-bli-title entry-title\"><a href=\"https:\/\/koszur.net\/index.php\/2024\/04\/19\/pamietnik-marynarza-cz-1\/\">Pami\u0119tnik marynarza &#8211; cz. 1<\/a><\/h4>\t\t\t\t<p class=\"evc-bli-excerpt\">Kilkadziesi\u0105t stron grubego papieru kredowego. Dokument ponad wszelk\u0105 w\u0105tpliwo\u015b\u0107 autentyczny. Co nie znaczy, \u017ce Leon Janowski z ORP \u201eB\u0142yskawica\u201d utrwala\u0142 w nim wydarzenia w chwili, gdy w\u0142a\u015bnie si\u0119 dzia\u0142y. Kr\u0105g\u0142e litery to dow\u00f3d na <\/p>\n\t\t\t<div class=\"evc-bli-post-info evc-bli-post-info-bottom\">\n\t\t\t\t\t<div class=\"evc-bli-author\">\n\t\t<a class=\"evc-bli-author-link\" href=\"https:\/\/koszur.net\/index.php\/author\/marekk\/\">\n\t\t\t<span class=\"evc-bli-author-label\">by<\/span>\n\t\t\t<span class=\"evc-bli-author-name\">Marek Koszur<\/span>\n\t\t<\/a>\n\t<\/div>\n\t\t\t\t\t<div class=\"evc-bli-category\"><a href=\"https:\/\/koszur.net\/index.php\/category\/ludzie-morza\/\" rel=\"category tag\">Ludzie morza<\/a>, <a href=\"https:\/\/koszur.net\/index.php\/category\/morze-org\/\" rel=\"category tag\">morze.org<\/a>, <a href=\"https:\/\/koszur.net\/index.php\/category\/post\/\" rel=\"category tag\">Post<\/a>, <a href=\"https:\/\/koszur.net\/index.php\/category\/wpis\/\" rel=\"category tag\">Wpis<\/a><\/div>\n\t\t\t<\/div>\n\t\t<\/div>\n\t<\/div>\n<\/div><div class=\"evc-bl-item evc-element-item\">\n\t<div class=\"evc-bli-inner\">\n\t\t\t<div class=\"evc-bli-image evc-ib-zoom\">\n\t\t<a href=\"https:\/\/koszur.net\/index.php\/2024\/07\/20\/pamietnik-marynarza-cz-2\/\">\n\t\t\t<img decoding=\"async\" width=\"1920\" height=\"1379\" src=\"https:\/\/koszur.net\/wp-content\/uploads\/2024\/07\/LJ_pamietnik-02.jpg\" class=\"attachment-full size-full wp-post-image\" alt=\"\" srcset=\"https:\/\/koszur.net\/wp-content\/uploads\/2024\/07\/LJ_pamietnik-02.jpg 1920w, https:\/\/koszur.net\/wp-content\/uploads\/2024\/07\/LJ_pamietnik-02-300x215.jpg 300w, https:\/\/koszur.net\/wp-content\/uploads\/2024\/07\/LJ_pamietnik-02-1024x735.jpg 1024w, https:\/\/koszur.net\/wp-content\/uploads\/2024\/07\/LJ_pamietnik-02-768x552.jpg 768w, https:\/\/koszur.net\/wp-content\/uploads\/2024\/07\/LJ_pamietnik-02-1536x1103.jpg 1536w, https:\/\/koszur.net\/wp-content\/uploads\/2024\/07\/LJ_pamietnik-02-650x467.jpg 650w\" sizes=\"(max-width: 1920px) 100vw, 1920px\" \/>\t\t\t\t<div class=\"evc-bli-date evc-bli-date-on-image entry-date published updated\">\n\t\t<span class=\"evc-bli-date-day\">20<\/span>\n\t\t<span class=\"evc-bli-date-month\">lip<\/span>\n\t<\/div>\n\t\t<\/a>\n\t<\/div>\n\t\t<div class=\"evc-bli-content\">\n\t\t\t<h4 class=\"evc-bli-title entry-title\"><a href=\"https:\/\/koszur.net\/index.php\/2024\/07\/20\/pamietnik-marynarza-cz-2\/\">Pami\u0119tnik marynarza \u2013 cz. 2<\/a><\/h4>\t\t\t\t<p class=\"evc-bli-excerpt\">Ten fragment pami\u0119tnika wprost przera\u017ca\u2026 Zaiste\u2026 pi\u0119kny dzi\u015b poranek.\u00a0 20 lipca 2024&#8230; To ju\u017c chyba czwarty z rz\u0119du\u2026. Mo\u017ce pi\u0105ty tak ciep\u0142y, s\u0142oneczny, b\u0142ogi&#8230;. Hm\u2026 Nigdy wcze\u015bniej nie zwraca\u0142am uwagi na takie szczeg\u00f3<\/p>\n\t\t\t<div class=\"evc-bli-post-info evc-bli-post-info-bottom\">\n\t\t\t\t\t<div class=\"evc-bli-author\">\n\t\t<a class=\"evc-bli-author-link\" href=\"https:\/\/koszur.net\/index.php\/author\/marekk\/\">\n\t\t\t<span class=\"evc-bli-author-label\">by<\/span>\n\t\t\t<span class=\"evc-bli-author-name\">Marek Koszur<\/span>\n\t\t<\/a>\n\t<\/div>\n\t\t\t\t\t<div class=\"evc-bli-category\"><a href=\"https:\/\/koszur.net\/index.php\/category\/ludzie-morza\/\" rel=\"category tag\">Ludzie morza<\/a>, <a href=\"https:\/\/koszur.net\/index.php\/category\/morze-org\/\" rel=\"category tag\">morze.org<\/a>, <a href=\"https:\/\/koszur.net\/index.php\/category\/post\/\" rel=\"category tag\">Post<\/a><\/div>\n\t\t\t<\/div>\n\t\t<\/div>\n\t<\/div>\n<\/div><div class=\"evc-bl-item evc-element-item\">\n\t<div class=\"evc-bli-inner\">\n\t\t\t<div class=\"evc-bli-image evc-ib-zoom\">\n\t\t<a href=\"https:\/\/koszur.net\/index.php\/2024\/10\/18\/pamietnik-marynarza-cz-3-ostatnia\/\">\n\t\t\t<img decoding=\"async\" width=\"1920\" height=\"1302\" src=\"https:\/\/koszur.net\/wp-content\/uploads\/2024\/10\/pamietnik-marynarza-cz-3-morze-01.jpg\" class=\"attachment-full size-full wp-post-image\" alt=\"\" srcset=\"https:\/\/koszur.net\/wp-content\/uploads\/2024\/10\/pamietnik-marynarza-cz-3-morze-01.jpg 1920w, https:\/\/koszur.net\/wp-content\/uploads\/2024\/10\/pamietnik-marynarza-cz-3-morze-01-300x203.jpg 300w, https:\/\/koszur.net\/wp-content\/uploads\/2024\/10\/pamietnik-marynarza-cz-3-morze-01-1024x694.jpg 1024w, https:\/\/koszur.net\/wp-content\/uploads\/2024\/10\/pamietnik-marynarza-cz-3-morze-01-768x521.jpg 768w, https:\/\/koszur.net\/wp-content\/uploads\/2024\/10\/pamietnik-marynarza-cz-3-morze-01-1536x1042.jpg 1536w, https:\/\/koszur.net\/wp-content\/uploads\/2024\/10\/pamietnik-marynarza-cz-3-morze-01-650x441.jpg 650w\" sizes=\"(max-width: 1920px) 100vw, 1920px\" \/>\t\t\t\t<div class=\"evc-bli-date evc-bli-date-on-image entry-date published updated\">\n\t\t<span class=\"evc-bli-date-day\">18<\/span>\n\t\t<span class=\"evc-bli-date-month\">pa\u017a<\/span>\n\t<\/div>\n\t\t<\/a>\n\t<\/div>\n\t\t<div class=\"evc-bli-content\">\n\t\t\t<h4 class=\"evc-bli-title entry-title\"><a href=\"https:\/\/koszur.net\/index.php\/2024\/10\/18\/pamietnik-marynarza-cz-3-ostatnia\/\">Pami\u0119tnik marynarza &#8211; cz. 3 (ostatnia)<\/a><\/h4>\t\t\t\t<p class=\"evc-bli-excerpt\">Tajemnice pozostan\u0105 niewyja\u015bnione&#8230; M\u00f3wi si\u0119: twardo st\u0105paj po ziemi. A marynarz? Ten to ma szcz\u0119\u015bcie! Ziemia bywa twarda, ale w gruncie rzeczy jest grz\u0105ska i nier\u00f3wna, pe\u0142no w niej do\u0142\u00f3w, uskok\u00f3w i zakr\u0119t\u00f3w. Pok\u0142ad okr\u0119tu wojen<\/p>\n\t\t\t<div class=\"evc-bli-post-info evc-bli-post-info-bottom\">\n\t\t\t\t\t<div class=\"evc-bli-author\">\n\t\t<a class=\"evc-bli-author-link\" href=\"https:\/\/koszur.net\/index.php\/author\/marekk\/\">\n\t\t\t<span class=\"evc-bli-author-label\">by<\/span>\n\t\t\t<span class=\"evc-bli-author-name\">Marek Koszur<\/span>\n\t\t<\/a>\n\t<\/div>\n\t\t\t\t\t<div class=\"evc-bli-category\"><a href=\"https:\/\/koszur.net\/index.php\/category\/morze-org\/\" rel=\"category tag\">morze.org<\/a>, <a href=\"https:\/\/koszur.net\/index.php\/category\/post\/\" rel=\"category tag\">Post<\/a>, <a href=\"https:\/\/koszur.net\/index.php\/category\/wpis\/\" rel=\"category tag\">Wpis<\/a><\/div>\n\t\t\t<\/div>\n\t\t<\/div>\n\t<\/div>\n<\/div><div class=\"evc-bl-item evc-element-item\">\n\t<div class=\"evc-bli-inner\">\n\t\t\t<div class=\"evc-bli-image evc-ib-zoom\">\n\t\t<a href=\"https:\/\/koszur.net\/index.php\/2025\/01\/11\/tchorzem-nie-wracaj-cz-1\/\">\n\t\t\t<img decoding=\"async\" width=\"1920\" height=\"1205\" src=\"https:\/\/koszur.net\/wp-content\/uploads\/2025\/01\/piktel-morze-01-1.jpg\" class=\"attachment-full size-full wp-post-image\" alt=\"\" srcset=\"https:\/\/koszur.net\/wp-content\/uploads\/2025\/01\/piktel-morze-01-1.jpg 1920w, https:\/\/koszur.net\/wp-content\/uploads\/2025\/01\/piktel-morze-01-1-300x188.jpg 300w, https:\/\/koszur.net\/wp-content\/uploads\/2025\/01\/piktel-morze-01-1-1024x643.jpg 1024w, https:\/\/koszur.net\/wp-content\/uploads\/2025\/01\/piktel-morze-01-1-768x482.jpg 768w, https:\/\/koszur.net\/wp-content\/uploads\/2025\/01\/piktel-morze-01-1-1536x964.jpg 1536w, https:\/\/koszur.net\/wp-content\/uploads\/2025\/01\/piktel-morze-01-1-650x408.jpg 650w\" sizes=\"(max-width: 1920px) 100vw, 1920px\" \/>\t\t\t\t<div class=\"evc-bli-date evc-bli-date-on-image entry-date published updated\">\n\t\t<span class=\"evc-bli-date-day\">11<\/span>\n\t\t<span class=\"evc-bli-date-month\">sty<\/span>\n\t<\/div>\n\t\t<\/a>\n\t<\/div>\n\t\t<div class=\"evc-bli-content\">\n\t\t\t<h4 class=\"evc-bli-title entry-title\"><a href=\"https:\/\/koszur.net\/index.php\/2025\/01\/11\/tchorzem-nie-wracaj-cz-1\/\">Tch\u00f3rzem nie wracaj  &#8211; cz. 1<\/a><\/h4>\t\t\t\t<p class=\"evc-bli-excerpt\">Sierpie\u0144, 1984\u2026 Wtedy powsta\u0142a pierwsza redakcja tego tekstu. W klimacie ci\u0105g\u0142ej niepewno\u015bci, po do\u015bwiadczeniu stanu wojennego, przy gwa\u0142townym, cz\u0119sto pospiesznym i niekontrolowanym odkrywaniu dokument\u00f3w i\u2026 wspomnie\u0144. Wcze\u015bniej tekst <\/p>\n\t\t\t<div class=\"evc-bli-post-info evc-bli-post-info-bottom\">\n\t\t\t\t\t<div class=\"evc-bli-author\">\n\t\t<a class=\"evc-bli-author-link\" href=\"https:\/\/koszur.net\/index.php\/author\/marekk\/\">\n\t\t\t<span class=\"evc-bli-author-label\">by<\/span>\n\t\t\t<span class=\"evc-bli-author-name\">Marek Koszur<\/span>\n\t\t<\/a>\n\t<\/div>\n\t\t\t\t\t<div class=\"evc-bli-category\"><a href=\"https:\/\/koszur.net\/index.php\/category\/ludzie-morza\/\" rel=\"category tag\">Ludzie morza<\/a>, <a href=\"https:\/\/koszur.net\/index.php\/category\/morze-org\/\" rel=\"category tag\">morze.org<\/a>, <a href=\"https:\/\/koszur.net\/index.php\/category\/post\/\" rel=\"category tag\">Post<\/a>, <a href=\"https:\/\/koszur.net\/index.php\/category\/wpis\/\" rel=\"category tag\">Wpis<\/a><\/div>\n\t\t\t<\/div>\n\t\t<\/div>\n\t<\/div>\n<\/div><div class=\"evc-bl-item evc-element-item\">\n\t<div class=\"evc-bli-inner\">\n\t\t\t<div class=\"evc-bli-image evc-ib-zoom\">\n\t\t<a href=\"https:\/\/koszur.net\/index.php\/2025\/04\/30\/tchorzem-nie-wracaj-cz-02\/\">\n\t\t\t<img decoding=\"async\" width=\"1920\" height=\"1390\" src=\"https:\/\/koszur.net\/wp-content\/uploads\/2025\/04\/piktel-02-e.jpg\" class=\"attachment-full size-full wp-post-image\" alt=\"\" srcset=\"https:\/\/koszur.net\/wp-content\/uploads\/2025\/04\/piktel-02-e.jpg 1920w, https:\/\/koszur.net\/wp-content\/uploads\/2025\/04\/piktel-02-e-300x217.jpg 300w, https:\/\/koszur.net\/wp-content\/uploads\/2025\/04\/piktel-02-e-1024x741.jpg 1024w, https:\/\/koszur.net\/wp-content\/uploads\/2025\/04\/piktel-02-e-768x556.jpg 768w, https:\/\/koszur.net\/wp-content\/uploads\/2025\/04\/piktel-02-e-1536x1112.jpg 1536w, https:\/\/koszur.net\/wp-content\/uploads\/2025\/04\/piktel-02-e-650x471.jpg 650w\" sizes=\"(max-width: 1920px) 100vw, 1920px\" \/>\t\t\t\t<div class=\"evc-bli-date evc-bli-date-on-image entry-date published updated\">\n\t\t<span class=\"evc-bli-date-day\">30<\/span>\n\t\t<span class=\"evc-bli-date-month\">kwi<\/span>\n\t<\/div>\n\t\t<\/a>\n\t<\/div>\n\t\t<div class=\"evc-bli-content\">\n\t\t\t<h4 class=\"evc-bli-title entry-title\"><a href=\"https:\/\/koszur.net\/index.php\/2025\/04\/30\/tchorzem-nie-wracaj-cz-02\/\">Tch\u00f3rzem nie wracaj &#8211; cz. 02<\/a><\/h4>\t\t\t\t<p class=\"evc-bli-excerpt\">Tch\u00f3rzem nie wracaj\u2026 Cz\u0119\u015b\u0107 II Listopad, 1942. Poszed\u0142em do rejonu zakwaterowania, popatrzy\u0142em na koleg\u00f3w, na plutonowego Chlebowskiego, kaprala Michalika, mojego dow\u00f3dc\u0119 dru\u017cyny. W regulaminowy spos\u00f3b zwr\u00f3ci\u0142em si\u0119 do plutonowego Chle<\/p>\n\t\t\t<div class=\"evc-bli-post-info evc-bli-post-info-bottom\">\n\t\t\t\t\t<div class=\"evc-bli-author\">\n\t\t<a class=\"evc-bli-author-link\" href=\"https:\/\/koszur.net\/index.php\/author\/marekk\/\">\n\t\t\t<span class=\"evc-bli-author-label\">by<\/span>\n\t\t\t<span class=\"evc-bli-author-name\">Marek Koszur<\/span>\n\t\t<\/a>\n\t<\/div>\n\t\t\t\t\t<div class=\"evc-bli-category\"><a href=\"https:\/\/koszur.net\/index.php\/category\/ludzie-morza\/\" rel=\"category tag\">Ludzie morza<\/a>, <a href=\"https:\/\/koszur.net\/index.php\/category\/morze-org\/\" rel=\"category tag\">morze.org<\/a>, <a href=\"https:\/\/koszur.net\/index.php\/category\/post\/\" rel=\"category tag\">Post<\/a>, <a href=\"https:\/\/koszur.net\/index.php\/category\/wpis\/\" rel=\"category tag\">Wpis<\/a><\/div>\n\t\t\t<\/div>\n\t\t<\/div>\n\t<\/div>\n<\/div><div class=\"evc-bl-item evc-element-item\">\n\t<div class=\"evc-bli-inner\">\n\t\t\t<div class=\"evc-bli-image evc-ib-zoom\">\n\t\t<a href=\"https:\/\/koszur.net\/index.php\/2025\/08\/10\/tchorzem-nie-wracaj-cz-iii\/\">\n\t\t\t<img decoding=\"async\" width=\"1612\" height=\"1200\" src=\"https:\/\/koszur.net\/wp-content\/uploads\/2025\/08\/tchorzem-nie-wracaj-03-e.jpg\" class=\"attachment-full size-full wp-post-image\" alt=\"\" srcset=\"https:\/\/koszur.net\/wp-content\/uploads\/2025\/08\/tchorzem-nie-wracaj-03-e.jpg 1612w, https:\/\/koszur.net\/wp-content\/uploads\/2025\/08\/tchorzem-nie-wracaj-03-e-300x223.jpg 300w, https:\/\/koszur.net\/wp-content\/uploads\/2025\/08\/tchorzem-nie-wracaj-03-e-1024x762.jpg 1024w, https:\/\/koszur.net\/wp-content\/uploads\/2025\/08\/tchorzem-nie-wracaj-03-e-768x572.jpg 768w, https:\/\/koszur.net\/wp-content\/uploads\/2025\/08\/tchorzem-nie-wracaj-03-e-1536x1143.jpg 1536w, https:\/\/koszur.net\/wp-content\/uploads\/2025\/08\/tchorzem-nie-wracaj-03-e-650x484.jpg 650w\" sizes=\"(max-width: 1612px) 100vw, 1612px\" \/>\t\t\t\t<div class=\"evc-bli-date evc-bli-date-on-image entry-date published updated\">\n\t\t<span class=\"evc-bli-date-day\">10<\/span>\n\t\t<span class=\"evc-bli-date-month\">sie<\/span>\n\t<\/div>\n\t\t<\/a>\n\t<\/div>\n\t\t<div class=\"evc-bli-content\">\n\t\t\t<h4 class=\"evc-bli-title entry-title\"><a href=\"https:\/\/koszur.net\/index.php\/2025\/08\/10\/tchorzem-nie-wracaj-cz-iii\/\">Tch\u00f3rzem nie wracaj&#8230; &#8211; cz. 03<\/a><\/h4>\t\t\t\t<p class=\"evc-bli-excerpt\">Jest stycze\u0144 1943 roku. Tadeusz Piktel ma za sob\u0105 chrzest bojowy. Jest marynarzem. S\u0142u\u017cy na polskim okr\u0119cie. Po prawie dw\u00f3ch latach w\u0119dr\u00f3wki przez p\u00f3\u0142 \u015bwiata, dotar\u0142 do Anglii, by tam rozpocz\u0105\u0107 sw\u00f3j b\u00f3j o wyzwolenie Ojczyzny. Ma przy <\/p>\n\t\t\t<div class=\"evc-bli-post-info evc-bli-post-info-bottom\">\n\t\t\t\t\t<div class=\"evc-bli-author\">\n\t\t<a class=\"evc-bli-author-link\" href=\"https:\/\/koszur.net\/index.php\/author\/marekk\/\">\n\t\t\t<span class=\"evc-bli-author-label\">by<\/span>\n\t\t\t<span class=\"evc-bli-author-name\">Marek Koszur<\/span>\n\t\t<\/a>\n\t<\/div>\n\t\t\t\t\t<div class=\"evc-bli-category\"><a href=\"https:\/\/koszur.net\/index.php\/category\/ludzie-morza\/\" rel=\"category tag\">Ludzie morza<\/a>, <a href=\"https:\/\/koszur.net\/index.php\/category\/morze-org\/\" rel=\"category tag\">morze.org<\/a>, <a href=\"https:\/\/koszur.net\/index.php\/category\/post\/\" rel=\"category tag\">Post<\/a>, <a href=\"https:\/\/koszur.net\/index.php\/category\/wpis\/\" rel=\"category tag\">Wpis<\/a><\/div>\n\t\t\t<\/div>\n\t\t<\/div>\n\t<\/div>\n<\/div><div class=\"evc-bl-item evc-element-item\">\n\t<div class=\"evc-bli-inner\">\n\t\t\t<div class=\"evc-bli-image evc-ib-zoom\">\n\t\t<a href=\"https:\/\/koszur.net\/index.php\/2025\/11\/06\/chief-master-gunnery-kazimierz-bay\/\">\n\t\t\t<img decoding=\"async\" width=\"1920\" height=\"1440\" src=\"https:\/\/koszur.net\/wp-content\/uploads\/2025\/11\/kazimierz-bay-publikacja-morze-04.jpg\" class=\"attachment-full size-full wp-post-image\" alt=\"\" srcset=\"https:\/\/koszur.net\/wp-content\/uploads\/2025\/11\/kazimierz-bay-publikacja-morze-04.jpg 1920w, https:\/\/koszur.net\/wp-content\/uploads\/2025\/11\/kazimierz-bay-publikacja-morze-04-300x225.jpg 300w, https:\/\/koszur.net\/wp-content\/uploads\/2025\/11\/kazimierz-bay-publikacja-morze-04-1024x768.jpg 1024w, https:\/\/koszur.net\/wp-content\/uploads\/2025\/11\/kazimierz-bay-publikacja-morze-04-768x576.jpg 768w, https:\/\/koszur.net\/wp-content\/uploads\/2025\/11\/kazimierz-bay-publikacja-morze-04-1536x1152.jpg 1536w, https:\/\/koszur.net\/wp-content\/uploads\/2025\/11\/kazimierz-bay-publikacja-morze-04-650x488.jpg 650w\" sizes=\"(max-width: 1920px) 100vw, 1920px\" \/>\t\t\t\t<div class=\"evc-bli-date evc-bli-date-on-image entry-date published updated\">\n\t\t<span class=\"evc-bli-date-day\">06<\/span>\n\t\t<span class=\"evc-bli-date-month\">lis<\/span>\n\t<\/div>\n\t\t<\/a>\n\t<\/div>\n\t\t<div class=\"evc-bli-content\">\n\t\t\t<h4 class=\"evc-bli-title entry-title\"><a href=\"https:\/\/koszur.net\/index.php\/2025\/11\/06\/chief-master-gunnery-kazimierz-bay\/\">Chief Master Gunnery &#8211; Kazimierz Bay<\/a><\/h4>\t\t\t\t<p class=\"evc-bli-excerpt\">Dzi\u0119ki uprzejmo\u015bci redakcji MORZA, w ostatnich sze\u015bciu\u00a0numerach czasopisma ukaza\u0142y si\u0119 wspomnienia ludzi,\u00a0kt\u00f3rych mia\u0142em w \u017cyciu szcz\u0119\u015bcie i honor spotka\u0107. Dzi\u0119ki\u00a0ich zaufaniu zanotowa\u0142em koleje morskiego rozdzia\u0142u ich\u00a0\u017cycia. Mater<\/p>\n\t\t\t<div class=\"evc-bli-post-info evc-bli-post-info-bottom\">\n\t\t\t\t\t<div class=\"evc-bli-author\">\n\t\t<a class=\"evc-bli-author-link\" href=\"https:\/\/koszur.net\/index.php\/author\/marekk\/\">\n\t\t\t<span class=\"evc-bli-author-label\">by<\/span>\n\t\t\t<span class=\"evc-bli-author-name\">Marek Koszur<\/span>\n\t\t<\/a>\n\t<\/div>\n\t\t\t\t\t<div class=\"evc-bli-category\"><a href=\"https:\/\/koszur.net\/index.php\/category\/ludzie-morza\/\" rel=\"category tag\">Ludzie morza<\/a>, <a href=\"https:\/\/koszur.net\/index.php\/category\/morze-org\/\" rel=\"category tag\">morze.org<\/a>, <a href=\"https:\/\/koszur.net\/index.php\/category\/post\/\" rel=\"category tag\">Post<\/a>, <a href=\"https:\/\/koszur.net\/index.php\/category\/wpis\/\" rel=\"category tag\">Wpis<\/a><\/div>\n\t\t\t<\/div>\n\t\t<\/div>\n\t<\/div>\n<\/div>\t<\/div>\n\t<\/div>[\/vc_column][\/vc_row]<\/p>\n","protected":false},"excerpt":{"rendered":"<p>[vc_row][vc_column][vc_column_text] Nigdy w Polsce nie powsta\u0142a prawdziwa &#8222;Encyklopedia morska&#8221;. T\u0119 prawd\u0119 odkry\u0142em w czasach, gdy kupno interesuj\u0105cej, wa\u017cnej, potrzebnej i warto\u015bciowej ksi\u0105\u017cki &#8211; a m\u00f3wi\u0105c wprost: ka\u017cdej &#8211; by\u0142o nie lada wyzwaniem. Codziennie kr\u0105\u017cy\u0142em mi\u0119dzy zaprzyja\u017anionymi ksi\u0119garniami i antykwariatami. Wizyta w innych miastach zawsze zaczyna\u0142a si\u0119 od tych ostatnich &#8211; &#8222;sezam\u00f3w&#8221;. Skoro nie ma encyklopedii [&hellip;]<\/p>\n","protected":false},"author":990004,"featured_media":12771,"parent":0,"menu_order":0,"comment_status":"closed","ping_status":"closed","template":"","meta":{"footnotes":""},"class_list":["post-12767","page","type-page","status-publish","has-post-thumbnail","hentry"],"yoast_head":"<!-- This site is optimized with the Yoast SEO plugin v27.4 - https:\/\/yoast.com\/product\/yoast-seo-wordpress\/ -->\n<title>MORZE.ORG - Marek Koszur<\/title>\n<meta name=\"robots\" content=\"index, follow, max-snippet:-1, max-image-preview:large, max-video-preview:-1\" \/>\n<link rel=\"canonical\" href=\"https:\/\/koszur.net\/index.php\/morze_org\/\" \/>\n<meta property=\"og:locale\" content=\"pl_PL\" \/>\n<meta property=\"og:type\" content=\"article\" \/>\n<meta property=\"og:title\" content=\"MORZE.ORG - Marek Koszur\" \/>\n<meta property=\"og:description\" content=\"[vc_row][vc_column][vc_column_text] Nigdy w Polsce nie powsta\u0142a prawdziwa &#8222;Encyklopedia morska&#8221;. T\u0119 prawd\u0119 odkry\u0142em w czasach, gdy kupno interesuj\u0105cej, wa\u017cnej, potrzebnej i warto\u015bciowej ksi\u0105\u017cki &#8211; a m\u00f3wi\u0105c wprost: ka\u017cdej &#8211; by\u0142o nie lada wyzwaniem. Codziennie kr\u0105\u017cy\u0142em mi\u0119dzy zaprzyja\u017anionymi ksi\u0119garniami i antykwariatami. Wizyta w innych miastach zawsze zaczyna\u0142a si\u0119 od tych ostatnich &#8211; &#8222;sezam\u00f3w&#8221;. Skoro nie ma encyklopedii [&hellip;]\" \/>\n<meta property=\"og:url\" content=\"https:\/\/koszur.net\/index.php\/morze_org\/\" \/>\n<meta property=\"og:site_name\" content=\"Marek Koszur\" \/>\n<meta property=\"article:modified_time\" content=\"2024-03-23T18:24:39+00:00\" \/>\n<meta property=\"og:image\" content=\"https:\/\/koszur.net\/wp-content\/uploads\/2024\/03\/baner_morze_org.jpg\" \/>\n\t<meta property=\"og:image:width\" content=\"1600\" \/>\n\t<meta property=\"og:image:height\" content=\"900\" \/>\n\t<meta property=\"og:image:type\" content=\"image\/jpeg\" \/>\n<meta name=\"twitter:card\" content=\"summary_large_image\" \/>\n<meta name=\"twitter:label1\" content=\"Szacowany czas czytania\" \/>\n\t<meta name=\"twitter:data1\" content=\"3 minuty\" \/>\n<script type=\"application\/ld+json\" class=\"yoast-schema-graph\">{\"@context\":\"https:\\\/\\\/schema.org\",\"@graph\":[{\"@type\":\"WebPage\",\"@id\":\"https:\\\/\\\/koszur.net\\\/index.php\\\/morze_org\\\/\",\"url\":\"https:\\\/\\\/koszur.net\\\/index.php\\\/morze_org\\\/\",\"name\":\"MORZE.ORG - Marek Koszur\",\"isPartOf\":{\"@id\":\"https:\\\/\\\/koszur.net\\\/#website\"},\"primaryImageOfPage\":{\"@id\":\"https:\\\/\\\/koszur.net\\\/index.php\\\/morze_org\\\/#primaryimage\"},\"image\":{\"@id\":\"https:\\\/\\\/koszur.net\\\/index.php\\\/morze_org\\\/#primaryimage\"},\"thumbnailUrl\":\"https:\\\/\\\/koszur.net\\\/wp-content\\\/uploads\\\/2024\\\/03\\\/baner_morze_org.jpg\",\"datePublished\":\"2024-03-23T09:04:03+00:00\",\"dateModified\":\"2024-03-23T18:24:39+00:00\",\"breadcrumb\":{\"@id\":\"https:\\\/\\\/koszur.net\\\/index.php\\\/morze_org\\\/#breadcrumb\"},\"inLanguage\":\"pl-PL\",\"potentialAction\":[{\"@type\":\"ReadAction\",\"target\":[\"https:\\\/\\\/koszur.net\\\/index.php\\\/morze_org\\\/\"]}]},{\"@type\":\"ImageObject\",\"inLanguage\":\"pl-PL\",\"@id\":\"https:\\\/\\\/koszur.net\\\/index.php\\\/morze_org\\\/#primaryimage\",\"url\":\"https:\\\/\\\/koszur.net\\\/wp-content\\\/uploads\\\/2024\\\/03\\\/baner_morze_org.jpg\",\"contentUrl\":\"https:\\\/\\\/koszur.net\\\/wp-content\\\/uploads\\\/2024\\\/03\\\/baner_morze_org.jpg\",\"width\":1600,\"height\":900},{\"@type\":\"BreadcrumbList\",\"@id\":\"https:\\\/\\\/koszur.net\\\/index.php\\\/morze_org\\\/#breadcrumb\",\"itemListElement\":[{\"@type\":\"ListItem\",\"position\":1,\"name\":\"Strona g\u0142\u00f3wna\",\"item\":\"https:\\\/\\\/koszur.net\\\/\"},{\"@type\":\"ListItem\",\"position\":2,\"name\":\"MORZE.ORG\"}]},{\"@type\":\"WebSite\",\"@id\":\"https:\\\/\\\/koszur.net\\\/#website\",\"url\":\"https:\\\/\\\/koszur.net\\\/\",\"name\":\"Marek Koszur\",\"description\":\"\",\"potentialAction\":[{\"@type\":\"SearchAction\",\"target\":{\"@type\":\"EntryPoint\",\"urlTemplate\":\"https:\\\/\\\/koszur.net\\\/?s={search_term_string}\"},\"query-input\":{\"@type\":\"PropertyValueSpecification\",\"valueRequired\":true,\"valueName\":\"search_term_string\"}}],\"inLanguage\":\"pl-PL\"}]}<\/script>\n<!-- \/ Yoast SEO plugin. -->","yoast_head_json":{"title":"MORZE.ORG - Marek Koszur","robots":{"index":"index","follow":"follow","max-snippet":"max-snippet:-1","max-image-preview":"max-image-preview:large","max-video-preview":"max-video-preview:-1"},"canonical":"https:\/\/koszur.net\/index.php\/morze_org\/","og_locale":"pl_PL","og_type":"article","og_title":"MORZE.ORG - Marek Koszur","og_description":"[vc_row][vc_column][vc_column_text] Nigdy w Polsce nie powsta\u0142a prawdziwa &#8222;Encyklopedia morska&#8221;. T\u0119 prawd\u0119 odkry\u0142em w czasach, gdy kupno interesuj\u0105cej, wa\u017cnej, potrzebnej i warto\u015bciowej ksi\u0105\u017cki &#8211; a m\u00f3wi\u0105c wprost: ka\u017cdej &#8211; by\u0142o nie lada wyzwaniem. Codziennie kr\u0105\u017cy\u0142em mi\u0119dzy zaprzyja\u017anionymi ksi\u0119garniami i antykwariatami. Wizyta w innych miastach zawsze zaczyna\u0142a si\u0119 od tych ostatnich &#8211; &#8222;sezam\u00f3w&#8221;. Skoro nie ma encyklopedii [&hellip;]","og_url":"https:\/\/koszur.net\/index.php\/morze_org\/","og_site_name":"Marek Koszur","article_modified_time":"2024-03-23T18:24:39+00:00","og_image":[{"width":1600,"height":900,"url":"https:\/\/koszur.net\/wp-content\/uploads\/2024\/03\/baner_morze_org.jpg","type":"image\/jpeg"}],"twitter_card":"summary_large_image","twitter_misc":{"Szacowany czas czytania":"3 minuty"},"schema":{"@context":"https:\/\/schema.org","@graph":[{"@type":"WebPage","@id":"https:\/\/koszur.net\/index.php\/morze_org\/","url":"https:\/\/koszur.net\/index.php\/morze_org\/","name":"MORZE.ORG - Marek Koszur","isPartOf":{"@id":"https:\/\/koszur.net\/#website"},"primaryImageOfPage":{"@id":"https:\/\/koszur.net\/index.php\/morze_org\/#primaryimage"},"image":{"@id":"https:\/\/koszur.net\/index.php\/morze_org\/#primaryimage"},"thumbnailUrl":"https:\/\/koszur.net\/wp-content\/uploads\/2024\/03\/baner_morze_org.jpg","datePublished":"2024-03-23T09:04:03+00:00","dateModified":"2024-03-23T18:24:39+00:00","breadcrumb":{"@id":"https:\/\/koszur.net\/index.php\/morze_org\/#breadcrumb"},"inLanguage":"pl-PL","potentialAction":[{"@type":"ReadAction","target":["https:\/\/koszur.net\/index.php\/morze_org\/"]}]},{"@type":"ImageObject","inLanguage":"pl-PL","@id":"https:\/\/koszur.net\/index.php\/morze_org\/#primaryimage","url":"https:\/\/koszur.net\/wp-content\/uploads\/2024\/03\/baner_morze_org.jpg","contentUrl":"https:\/\/koszur.net\/wp-content\/uploads\/2024\/03\/baner_morze_org.jpg","width":1600,"height":900},{"@type":"BreadcrumbList","@id":"https:\/\/koszur.net\/index.php\/morze_org\/#breadcrumb","itemListElement":[{"@type":"ListItem","position":1,"name":"Strona g\u0142\u00f3wna","item":"https:\/\/koszur.net\/"},{"@type":"ListItem","position":2,"name":"MORZE.ORG"}]},{"@type":"WebSite","@id":"https:\/\/koszur.net\/#website","url":"https:\/\/koszur.net\/","name":"Marek Koszur","description":"","potentialAction":[{"@type":"SearchAction","target":{"@type":"EntryPoint","urlTemplate":"https:\/\/koszur.net\/?s={search_term_string}"},"query-input":{"@type":"PropertyValueSpecification","valueRequired":true,"valueName":"search_term_string"}}],"inLanguage":"pl-PL"}]}},"_links":{"self":[{"href":"https:\/\/koszur.net\/index.php\/wp-json\/wp\/v2\/pages\/12767","targetHints":{"allow":["GET"]}}],"collection":[{"href":"https:\/\/koszur.net\/index.php\/wp-json\/wp\/v2\/pages"}],"about":[{"href":"https:\/\/koszur.net\/index.php\/wp-json\/wp\/v2\/types\/page"}],"author":[{"embeddable":true,"href":"https:\/\/koszur.net\/index.php\/wp-json\/wp\/v2\/users\/990004"}],"replies":[{"embeddable":true,"href":"https:\/\/koszur.net\/index.php\/wp-json\/wp\/v2\/comments?post=12767"}],"version-history":[{"count":10,"href":"https:\/\/koszur.net\/index.php\/wp-json\/wp\/v2\/pages\/12767\/revisions"}],"predecessor-version":[{"id":12845,"href":"https:\/\/koszur.net\/index.php\/wp-json\/wp\/v2\/pages\/12767\/revisions\/12845"}],"wp:featuredmedia":[{"embeddable":true,"href":"https:\/\/koszur.net\/index.php\/wp-json\/wp\/v2\/media\/12771"}],"wp:attachment":[{"href":"https:\/\/koszur.net\/index.php\/wp-json\/wp\/v2\/media?parent=12767"}],"curies":[{"name":"wp","href":"https:\/\/api.w.org\/{rel}","templated":true}]}}